{"id":5185,"date":"2021-03-19T16:15:56","date_gmt":"2021-03-19T15:15:56","guid":{"rendered":"https:\/\/cumse.org\/?page_id=5185"},"modified":"2021-10-29T11:04:52","modified_gmt":"2021-10-29T10:04:52","slug":"cumse-time-to-care","status":"publish","type":"page","link":"https:\/\/cumse.org\/fr\/cumse-time-to-care\/","title":{"rendered":"CUMSE TIME TO CARE"},"content":{"rendered":"<div class=\"vc_row wpb_row vc_row-fluid vc_custom_1635501891372\"><div class=\"wpb_column col-md-12\"><div class=\"vc_column-inner\"><div class=\"wpb_wrapper\">\n\t<div  class=\"wpb_single_image wpb_content_element vc_align_left\">\n\t\t\n\t\t<figure class=\"wpb_wrapper vc_figure\">\n\t\t\t<div class=\"vc_single_image-wrapper   vc_box_border_grey\"><img loading=\"lazy\" decoding=\"async\" width=\"1920\" height=\"739\" src=\"https:\/\/i0.wp.com\/cumse.org\/wp-content\/uploads\/2021\/03\/2.png?fit=1920%2C739&amp;ssl=1\" class=\"vc_single_image-img attachment-full\" alt=\"\" srcset=\"https:\/\/i0.wp.com\/cumse.org\/wp-content\/uploads\/2021\/03\/2.png?w=1920&amp;ssl=1 1920w, https:\/\/i0.wp.com\/cumse.org\/wp-content\/uploads\/2021\/03\/2.png?resize=1200%2C462&amp;ssl=1 1200w, https:\/\/i0.wp.com\/cumse.org\/wp-content\/uploads\/2021\/03\/2.png?resize=300%2C115&amp;ssl=1 300w, https:\/\/i0.wp.com\/cumse.org\/wp-content\/uploads\/2021\/03\/2.png?resize=1024%2C394&amp;ssl=1 1024w, https:\/\/i0.wp.com\/cumse.org\/wp-content\/uploads\/2021\/03\/2.png?resize=768%2C296&amp;ssl=1 768w, https:\/\/i0.wp.com\/cumse.org\/wp-content\/uploads\/2021\/03\/2.png?resize=1536%2C591&amp;ssl=1 1536w, https:\/\/i0.wp.com\/cumse.org\/wp-content\/uploads\/2021\/03\/2.png?w=1280&amp;ssl=1 1280w\" sizes=\"auto, (max-width: 640px) 100vw, 640px\" \/><\/div>\n\t\t<\/figure>\n\t<\/div>\n\n\t<div class=\"wpb_text_column wpb_content_element\" >\n\t\t<div class=\"wpb_wrapper\">\n\t\t\t<h1><span style=\"font-size: 24pt; font-family: 'arial black', sans-serif; color: #ff0000;\"><em><strong>LE TEMPS DES SOINS ET DE L'ASSISTANCE AUX PERSONNES \u00c2G\u00c9ES<\/strong><\/em><\/span><\/h1>\n\n\t\t<\/div>\n\t<\/div>\n<\/div><\/div><\/div><\/div><div class=\"vc_row wpb_row vc_row-fluid\"><div class=\"wpb_column col-md-8\"><div class=\"vc_column-inner\"><div class=\"wpb_wrapper\">\n\t<div class=\"wpb_text_column wpb_content_element\" >\n\t\t<div class=\"wpb_wrapper\">\n\t\t\t<p><span style=\"font-size: 12pt;\"><strong>\"LE TEMPS DES SOINS\"<\/strong> <strong><a href=\"https:\/\/cumse.org\/fr\/sanp-sostegno-alle-nuove-poverta\/\">(SaNP): <\/a><\/strong>est une initiative de Cumse qui se pr\u00e9occupe principalement d'aider, de soutenir et d'assister les personnes \u00e2g\u00e9es ayant besoin d'un soutien moral et physique.<\/span><br \/>\n<span style=\"font-size: 12pt;\">Au cours de cette p\u00e9riode difficile, de nombreuses personnes, en particulier les personnes \u00e2g\u00e9es, se retrouvent dans l'incapacit\u00e9 d'obtenir l'aide dont elles ont besoin, souffrant m\u00eame plusieurs fois de solitude en raison des impositions impos\u00e9es par la pand\u00e9mie. Temps de Soins veut aider, par la pr\u00e9sence des jeunes, des personnes \u00e2g\u00e9es et de leurs familles.<\/span><\/p>\n\n\t\t<\/div>\n\t<\/div>\n<\/div><\/div><\/div><div class=\"wpb_column col-md-4\"><div class=\"vc_column-inner\"><div class=\"wpb_wrapper\">\n\t<div  class=\"wpb_single_image wpb_content_element vc_align_left\">\n\t\t\n\t\t<figure class=\"wpb_wrapper vc_figure\">\n\t\t\t<div class=\"vc_single_image-wrapper   vc_box_border_grey\"><img loading=\"lazy\" decoding=\"async\" width=\"207\" height=\"248\" src=\"https:\/\/i0.wp.com\/cumse.org\/wp-content\/uploads\/2021\/03\/3181847f-b661-4aac-b803-b0a9bbc03c28.jpg?fit=207%2C248&amp;ssl=1\" class=\"vc_single_image-img attachment-full\" alt=\"\" srcset=\"https:\/\/i0.wp.com\/cumse.org\/wp-content\/uploads\/2021\/03\/3181847f-b661-4aac-b803-b0a9bbc03c28.jpg?w=207&amp;ssl=1 207w, https:\/\/i0.wp.com\/cumse.org\/wp-content\/uploads\/2021\/03\/3181847f-b661-4aac-b803-b0a9bbc03c28.jpg?resize=200%2C240&amp;ssl=1 200w\" sizes=\"auto, (max-width: 207px) 100vw, 207px\" \/><\/div>\n\t\t<\/figure>\n\t<\/div>\n<\/div><\/div><\/div><\/div><div class=\"vc_row wpb_row vc_row-fluid\"><div class=\"wpb_column col-md-12\"><div class=\"vc_column-inner\"><div class=\"wpb_wrapper\">\n\t<div class=\"wpb_text_column wpb_content_element\" >\n\t\t<div class=\"wpb_wrapper\">\n\t\t\t<h1><span style=\"font-size: 24pt; font-family: 'arial black', sans-serif; color: #ff0000;\"><em><strong>POURQUOI LES PERSONNES \u00c2G\u00c9ES ONT-ELLES BESOIN D'AIDE AUJOURD'HUI ?<\/strong><\/em><\/span><\/h1>\n\n\t\t<\/div>\n\t<\/div>\n<\/div><\/div><\/div><\/div><div class=\"vc_row wpb_row vc_row-fluid\"><div class=\"wpb_column col-md-12\"><div class=\"vc_column-inner\"><div class=\"wpb_wrapper\">\n\t<div class=\"wpb_text_column wpb_content_element\" >\n\t\t<div class=\"wpb_wrapper\">\n\t\t\t<p><span style=\"font-size: 12pt;\">Trop de personnes \u00e2g\u00e9es vivent dans une solitude totale et cette condition g\u00e9n\u00e8re souffrance et d\u00e9pression. Faire face \u00e0 la solitude dans la vieillesse peut impliquer l'absence de stimulis, de d\u00e9sirs et d'attentes, se laisser tomber inexorablement vers un \u00e9tat d\u00e9pressif, dans lequel l'esprit s'annule et le regard se perd de plus en plus vers un vide infini, qui affecte non seulement soi-m\u00eame mais dans la vie de toute la famille.<\/span><br \/>\n<span style=\"font-size: 12pt;\">C'est sans doute une condition plus sociale que physique, ce qui frappe la personne \u00e2g\u00e9e lorsqu'elle est trop longtemps livr\u00e9e \u00e0 elle-m\u00eame, surtout maintenant qu'en raison de la pand\u00e9mie, elle est malheureusement contrainte de rester enferm\u00e9e tr\u00e8s longtemps \u00e0 la maison.<\/span><br \/>\n<span style=\"font-size: 12pt;\">Si l'on consid\u00e8re les donn\u00e9es de l'<a href=\"https:\/\/www.istat.it\/\"> Istat<\/a> on constate que 30% des\u00a0<strong>personnes \u00e2g\u00e9es qui vivent seules\u00a0<\/strong>souffrent du d\u00e9ni de stimuli et du manque d'implication sociale.<\/span><\/p>\n\n\t\t<\/div>\n\t<\/div>\n<\/div><\/div><\/div><\/div><div class=\"vc_row wpb_row vc_row-fluid\"><div class=\"wpb_column col-md-12\"><div class=\"vc_column-inner\"><div class=\"wpb_wrapper\">\n\t<div class=\"wpb_text_column wpb_content_element\" >\n\t\t<div class=\"wpb_wrapper\">\n\t\t\t<h1><span style=\"font-size: 24pt; font-family: 'arial black', sans-serif; color: #ff0000;\"><em><strong>COMMENT TEMPS DE SOINS SE SOUCIE-T-IL D'AIDE AUX PERSONNES \u00c2G\u00c9ES ?<\/strong><\/em><\/span><\/h1>\n\n\t\t<\/div>\n\t<\/div>\n<\/div><\/div><\/div><\/div><div class=\"vc_row wpb_row vc_row-fluid\"><div class=\"wpb_column col-md-12\"><div class=\"vc_column-inner\"><div class=\"wpb_wrapper\">\n\t<div class=\"wpb_text_column wpb_content_element\" >\n\t\t<div class=\"wpb_wrapper\">\n\t\t\t<p><span style=\"font-size: 12pt;\">Temps de Soins propose, \u00e0 travers diverses activit\u00e9s, une plus grande implication des jeunes dans la vie des personnes \u00e2g\u00e9es, leur permettant d'avoir des contacts sociaux avec les autres et donc de moins souffrir de la solitude, rendant leur vie moins instable, plus s\u00fbre et meilleure.<\/span><br \/>\n<span style=\"font-size: 12pt;\">Parmi les diff\u00e9rentes finalit\u00e9s on retrouve :<\/span><br \/>\n<span style=\"font-size: 12pt;\">1) rendre visite au voisin \u00e2g\u00e9, l'aider s'il en a besoin ou faire les courses \u00e0 sa place.<\/span><br \/>\n<span style=\"font-size: 12pt;\">2) expliquer comment fonctionnent les appels vid\u00e9o sur WhatsApp, afin que gr\u00e2ce aux outils de communication sociale, ils puissent rester en contact avec leurs familles.<\/span><br \/>\n<span style=\"font-size: 12pt;\">3) les \u00e9couter : il y a beaucoup de personnes \u00e2g\u00e9es qui ont besoin de parler \u00e0 quelqu'un. Parler avec eux peut \u00eatre un excellent moyen de les faire se sentir compris et accept\u00e9s au sein de la soci\u00e9t\u00e9.<\/span><br \/>\n<span style=\"font-size: 12pt;\">4) le sortir et lui donnez la possibilit\u00e9 d'\u00eatre \u00e0 l'ext\u00e9rieur autant que possible.<\/span><\/p>\n\n\t\t<\/div>\n\t<\/div>\n<\/div><\/div><\/div><\/div><div class=\"vc_row wpb_row vc_row-fluid\"><div class=\"wpb_column col-md-12\"><div class=\"vc_column-inner\"><div class=\"wpb_wrapper\"><section id=\"about-bottom\" class=\"about-bottom tab3 clearfix\">\n          <div class=\"about-bottom-details\">\n            <div class=\"col-md-6\">\n              <div class=\"section-padding\">\n                \n                <h3 class=\"section-sub-title\">VOUS AUSSI POUVEZ FAIRE VOTRE PART !<\/h3>\n                <p class=\"description\"><span style=\"font-size: 12pt;\">Aider une personne \u00e2g\u00e9e est une exp\u00e9rience unique qui peut vous aider \u00e9motionnellement tous les deux. Accompagner une personne \u00e2g\u00e9e dans ses activit\u00e9s peut \u00eatre constructif et sait certainement bien r\u00e9compenser, car ce n'est pas du temps perdu mais du temps bien investi pour aider ceux qui en ont besoin !<\/span><\/p>\n\n                <div class=\"btn-container\">\n                  <a href=\"https:\/\/cumse.org\/fr\/sanp-sostegno-alle-nuove-poverta\/\" class=\"btn btn-sm more-btn\">SaNP<\/a>\n                  <a href=\"https:\/\/www.paypal.com\/donate\/?hosted_button_id=B4EJYGY5ZQ5CL&amp;source=qr&amp;Z3JncnB0&amp;Z3JncnB0=\" class=\"btn btn-sm\" style=\"left:20px;\">FAIRE UN DON!<\/a>\n                <\/div><!-- \/.btn-container -->\n              <\/div><!-- \/.section-padding -->\n            <\/div>\n\n            <div class=\"col-md-6\">\n              <img decoding=\"async\" src=\"https:\/\/i0.wp.com\/cumse.org\/wp-content\/uploads\/2021\/03\/4-1.png?fit=600%2C600&ssl=1\" alt=\"CUMSE TIME TO CARE\">\n            <\/div>\n          <\/div><!-- \/.about-bottom-details -->\n        <\/section><!-- \/#about-bottom --><div class=\"vc_empty_space\"   style=\"height: 50px\" ><span class=\"vc_empty_space_inner\"><\/span><\/div>\n<\/div><\/div><\/div><\/div><div class=\"vc_row wpb_row vc_row-fluid\"><div class=\"wpb_column col-md-2\"><div class=\"vc_column-inner\"><div class=\"wpb_wrapper\">\n\t<div  class=\"wpb_single_image wpb_content_element vc_align_center\">\n\t\t\n\t\t<figure class=\"wpb_wrapper vc_figure\">\n\t\t\t<a href=\"https:\/\/cumse.org\/fr\/sanp-sostegno-alle-nuove-poverta\/\" target=\"_self\" class=\"vc_single_image-wrapper   vc_box_border_grey\"><img loading=\"lazy\" decoding=\"async\" class=\"vc_single_image-img\" src=\"https:\/\/i0.wp.com\/cumse.org\/wp-content\/uploads\/2020\/10\/logo-0-SANP-e1603988729750-200x240.png\" width=\"200\" height=\"240\" alt=\"SaNP\" title=\"logo SANP\" \/><\/a>\n\t\t<\/figure>\n\t<\/div>\n<\/div><\/div><\/div><div class=\"wpb_column col-md-2\"><div class=\"vc_column-inner\"><div class=\"wpb_wrapper\">\n\t<div  class=\"wpb_single_image wpb_content_element vc_align_center\">\n\t\t\n\t\t<figure class=\"wpb_wrapper vc_figure\">\n\t\t\t<a href=\"https:\/\/cumse.org\/fr\/cumse-sostegno-di-prossimita\/\" target=\"_self\" class=\"vc_single_image-wrapper   vc_box_border_grey\"><img loading=\"lazy\" decoding=\"async\" class=\"vc_single_image-img\" src=\"https:\/\/i0.wp.com\/cumse.org\/wp-content\/uploads\/2021\/03\/fc455904-2e2a-49bc-8dd2-9ea065a94e57-200x240.jpg\" width=\"200\" height=\"240\" alt=\"fc455904-2e2a-49bc-8dd2-9ea065a94e57\" title=\"fc455904-2e2a-49bc-8dd2-9ea065a94e57\" \/><\/a>\n\t\t<\/figure>\n\t<\/div>\n<\/div><\/div><\/div><div class=\"wpb_column col-md-2\"><div class=\"vc_column-inner\"><div class=\"wpb_wrapper\">\n\t<div  class=\"wpb_single_image wpb_content_element vc_align_center\">\n\t\t\n\t\t<figure class=\"wpb_wrapper vc_figure\">\n\t\t\t<a href=\"https:\/\/cumse.org\/fr\/cumse-charity-street\/\" target=\"_self\" class=\"vc_single_image-wrapper   vc_box_border_grey\"><img loading=\"lazy\" decoding=\"async\" class=\"vc_single_image-img\" src=\"https:\/\/i0.wp.com\/cumse.org\/wp-content\/uploads\/2021\/03\/7072aa2c-41aa-4f26-9c9e-3323e8b7518d-200x240.jpg\" width=\"200\" height=\"240\" alt=\"7072aa2c-41aa-4f26-9c9e-3323e8b7518d\" title=\"7072aa2c-41aa-4f26-9c9e-3323e8b7518d\" \/><\/a>\n\t\t<\/figure>\n\t<\/div>\n<\/div><\/div><\/div><div class=\"wpb_column col-md-2\"><div class=\"vc_column-inner\"><div class=\"wpb_wrapper\">\n\t<div  class=\"wpb_single_image wpb_content_element vc_align_center\">\n\t\t\n\t\t<figure class=\"wpb_wrapper vc_figure\">\n\t\t\t<a href=\"https:\/\/cumse.org\/fr\/cumse-sorrisi-sospesi\/\" target=\"_self\" class=\"vc_single_image-wrapper   vc_box_border_grey\"><img loading=\"lazy\" decoding=\"async\" class=\"vc_single_image-img\" src=\"https:\/\/i0.wp.com\/cumse.org\/wp-content\/uploads\/2021\/03\/55fa9179-b196-44f9-b05f-2d5d95bd48d2-200x240.jpg\" width=\"200\" height=\"240\" alt=\"55fa9179-b196-44f9-b05f-2d5d95bd48d2\" title=\"55fa9179-b196-44f9-b05f-2d5d95bd48d2\" \/><\/a>\n\t\t<\/figure>\n\t<\/div>\n<\/div><\/div><\/div><div class=\"wpb_column col-md-2\"><div class=\"vc_column-inner\"><div class=\"wpb_wrapper\">\n\t<div  class=\"wpb_single_image wpb_content_element vc_align_center\">\n\t\t\n\t\t<figure class=\"wpb_wrapper vc_figure\">\n\t\t\t<a href=\"https:\/\/cumse.org\/fr\/cumse-prima-il-pane\/\" target=\"_self\" class=\"vc_single_image-wrapper   vc_box_border_grey\"><img loading=\"lazy\" decoding=\"async\" width=\"300\" height=\"232\" src=\"https:\/\/i0.wp.com\/cumse.org\/wp-content\/uploads\/2021\/03\/0c7b693f-e948-4f23-b818-797e6e67935b.jpg?fit=300%2C232&amp;ssl=1\" class=\"vc_single_image-img attachment-medium\" alt=\"\" srcset=\"https:\/\/i0.wp.com\/cumse.org\/wp-content\/uploads\/2021\/03\/0c7b693f-e948-4f23-b818-797e6e67935b.jpg?w=350&amp;ssl=1 350w, https:\/\/i0.wp.com\/cumse.org\/wp-content\/uploads\/2021\/03\/0c7b693f-e948-4f23-b818-797e6e67935b.jpg?resize=200%2C155&amp;ssl=1 200w, https:\/\/i0.wp.com\/cumse.org\/wp-content\/uploads\/2021\/03\/0c7b693f-e948-4f23-b818-797e6e67935b.jpg?resize=300%2C232&amp;ssl=1 300w\" sizes=\"auto, (max-width: 300px) 100vw, 300px\" \/><\/a>\n\t\t<\/figure>\n\t<\/div>\n<\/div><\/div><\/div><div class=\"wpb_column col-md-2\"><div class=\"vc_column-inner\"><div class=\"wpb_wrapper\">\n\t<div  class=\"wpb_single_image wpb_content_element vc_align_center\">\n\t\t\n\t\t<figure class=\"wpb_wrapper vc_figure\">\n\t\t\t<a href=\"https:\/\/cumse.org\/fr\/cumse-4-ruote-amiche\/\" target=\"_self\" class=\"vc_single_image-wrapper   vc_box_border_grey\"><img loading=\"lazy\" decoding=\"async\" class=\"vc_single_image-img\" src=\"https:\/\/i0.wp.com\/cumse.org\/wp-content\/uploads\/2021\/03\/55f46d70-eb75-405f-92a3-c6c22089e0d0-200x240.jpg\" width=\"200\" height=\"240\" alt=\"55f46d70-eb75-405f-92a3-c6c22089e0d0\" title=\"55f46d70-eb75-405f-92a3-c6c22089e0d0\" \/><\/a>\n\t\t<\/figure>\n\t<\/div>\n<\/div><\/div><\/div><\/div><div class=\"vc_row wpb_row vc_row-fluid\"><div class=\"wpb_column col-md-12\"><div class=\"vc_column-inner\"><div class=\"wpb_wrapper\">\n\t<div  class=\"wpb_single_image wpb_content_element vc_align_left\">\n\t\t\n\t\t<figure class=\"wpb_wrapper vc_figure\">\n\t\t\t<div class=\"vc_single_image-wrapper   vc_box_border_grey\"><\/div>\n\t\t<\/figure>\n\t<\/div>\n<\/div><\/div><\/div><\/div>","protected":false},"excerpt":{"rendered":"TIME TO CARE E L'ASSISTENZA AGLI ANZIANI \"Time to Care\" (SaNP): \u00e8 un iniziativa di Cumse che si preoccupa principalmente di aiutare, sostenere e soccorrere gli anziani che necessitano di un supporto morale e fisico. Durante questo periodo difficile sono molte le persone, sopratutto anziane, che si ritrovano impossibilitate ad ottenere gli aiuti che necessitano, [...]","protected":false},"author":1,"featured_media":0,"parent":0,"menu_order":0,"comment_status":"closed","ping_status":"closed","template":"homepage-template.php","meta":{"footnotes":""},"class_list":["post-5185","page","type-page","status-publish","hentry"],"yoast_head":"<!-- This site is optimized with the Yoast SEO plugin v27.3 - https:\/\/yoast.com\/product\/yoast-seo-wordpress\/ -->\n<title>CUMSE TIME TO CARE - Fondazione Cumse ETS<\/title>\n<meta name=\"description\" content=\"TIME TO CARE - Fondazione Cumse ETS - Aiutiamo, sosteniamo e soccorriamo tutti gli anziani soli - Diventa volontario anche tu\" \/>\n<meta name=\"robots\" content=\"index, follow, max-snippet:-1, max-image-preview:large, max-video-preview:-1\" \/>\n<link rel=\"canonical\" href=\"https:\/\/cumse.org\/fr\/cumse-time-to-care\/\" \/>\n<meta property=\"og:locale\" content=\"fr_FR\" \/>\n<meta property=\"og:type\" content=\"article\" \/>\n<meta property=\"og:title\" content=\"CUMSE TIME TO CARE - Fondazione Cumse ETS\" \/>\n<meta property=\"og:description\" content=\"TIME TO CARE - Fondazione Cumse ETS - Aiutiamo, sosteniamo e soccorriamo tutti gli anziani soli - Diventa volontario anche tu\" \/>\n<meta property=\"og:url\" content=\"https:\/\/cumse.org\/fr\/cumse-time-to-care\/\" \/>\n<meta property=\"og:site_name\" content=\"Fondazione Cumse ETS\" \/>\n<meta property=\"article:modified_time\" content=\"2021-10-29T10:04:52+00:00\" \/>\n<meta name=\"twitter:card\" content=\"summary_large_image\" \/>\n<meta name=\"twitter:label1\" content=\"Dur\u00e9e de lecture estim\u00e9e\" \/>\n\t<meta name=\"twitter:data1\" content=\"3 minutes\" \/>\n<script type=\"application\/ld+json\" class=\"yoast-schema-graph\">{\"@context\":\"https:\\\/\\\/schema.org\",\"@graph\":[{\"@type\":\"WebPage\",\"@id\":\"https:\\\/\\\/cumse.org\\\/cumse-time-to-care\\\/\",\"url\":\"https:\\\/\\\/cumse.org\\\/cumse-time-to-care\\\/\",\"name\":\"CUMSE TIME TO CARE - Fondazione Cumse ETS\",\"isPartOf\":{\"@id\":\"https:\\\/\\\/cumse.org\\\/#website\"},\"datePublished\":\"2021-03-19T15:15:56+00:00\",\"dateModified\":\"2021-10-29T10:04:52+00:00\",\"description\":\"TIME TO CARE - Fondazione Cumse ETS - Aiutiamo, sosteniamo e soccorriamo tutti gli anziani soli - Diventa volontario anche tu\",\"breadcrumb\":{\"@id\":\"https:\\\/\\\/cumse.org\\\/cumse-time-to-care\\\/#breadcrumb\"},\"inLanguage\":\"fr-FR\",\"potentialAction\":[{\"@type\":\"ReadAction\",\"target\":[\"https:\\\/\\\/cumse.org\\\/cumse-time-to-care\\\/\"]}]},{\"@type\":\"BreadcrumbList\",\"@id\":\"https:\\\/\\\/cumse.org\\\/cumse-time-to-care\\\/#breadcrumb\",\"itemListElement\":[{\"@type\":\"ListItem\",\"position\":1,\"name\":\"Home\",\"item\":\"https:\\\/\\\/cumse.org\\\/\"},{\"@type\":\"ListItem\",\"position\":2,\"name\":\"CUMSE TIME TO CARE\"}]},{\"@type\":\"WebSite\",\"@id\":\"https:\\\/\\\/cumse.org\\\/#website\",\"url\":\"https:\\\/\\\/cumse.org\\\/\",\"name\":\"Fondazione Cumse ETS\",\"description\":\"Siamo dove gli altri distolgono lo sguardo\",\"potentialAction\":[{\"@type\":\"SearchAction\",\"target\":{\"@type\":\"EntryPoint\",\"urlTemplate\":\"https:\\\/\\\/cumse.org\\\/?s={search_term_string}\"},\"query-input\":{\"@type\":\"PropertyValueSpecification\",\"valueRequired\":true,\"valueName\":\"search_term_string\"}}],\"inLanguage\":\"fr-FR\"}]}<\/script>\n<!-- \/ Yoast SEO plugin. -->","yoast_head_json":{"title":"CUMSE TIME TO CARE - Fondazione Cumse ETS","description":"TIME TO CARE - Fondazione Cumse ETS - Aiutiamo, sosteniamo e soccorriamo tutti gli anziani soli - Diventa volontario anche tu","robots":{"index":"index","follow":"follow","max-snippet":"max-snippet:-1","max-image-preview":"max-image-preview:large","max-video-preview":"max-video-preview:-1"},"canonical":"https:\/\/cumse.org\/fr\/cumse-time-to-care\/","og_locale":"fr_FR","og_type":"article","og_title":"CUMSE TIME TO CARE - Fondazione Cumse ETS","og_description":"TIME TO CARE - Fondazione Cumse ETS - Aiutiamo, sosteniamo e soccorriamo tutti gli anziani soli - Diventa volontario anche tu","og_url":"https:\/\/cumse.org\/fr\/cumse-time-to-care\/","og_site_name":"Fondazione Cumse ETS","article_modified_time":"2021-10-29T10:04:52+00:00","twitter_card":"summary_large_image","twitter_misc":{"Dur\u00e9e de lecture estim\u00e9e":"3 minutes"},"schema":{"@context":"https:\/\/schema.org","@graph":[{"@type":"WebPage","@id":"https:\/\/cumse.org\/cumse-time-to-care\/","url":"https:\/\/cumse.org\/cumse-time-to-care\/","name":"CUMSE TIME TO CARE - Fondazione Cumse ETS","isPartOf":{"@id":"https:\/\/cumse.org\/#website"},"datePublished":"2021-03-19T15:15:56+00:00","dateModified":"2021-10-29T10:04:52+00:00","description":"TIME TO CARE - Fondazione Cumse ETS - Aiutiamo, sosteniamo e soccorriamo tutti gli anziani soli - Diventa volontario anche tu","breadcrumb":{"@id":"https:\/\/cumse.org\/cumse-time-to-care\/#breadcrumb"},"inLanguage":"fr-FR","potentialAction":[{"@type":"ReadAction","target":["https:\/\/cumse.org\/cumse-time-to-care\/"]}]},{"@type":"BreadcrumbList","@id":"https:\/\/cumse.org\/cumse-time-to-care\/#breadcrumb","itemListElement":[{"@type":"ListItem","position":1,"name":"Home","item":"https:\/\/cumse.org\/"},{"@type":"ListItem","position":2,"name":"CUMSE TIME TO CARE"}]},{"@type":"WebSite","@id":"https:\/\/cumse.org\/#website","url":"https:\/\/cumse.org\/","name":"Fondazione Cumse ETS","description":"Siamo dove gli altri distolgono lo sguardo","potentialAction":[{"@type":"SearchAction","target":{"@type":"EntryPoint","urlTemplate":"https:\/\/cumse.org\/?s={search_term_string}"},"query-input":{"@type":"PropertyValueSpecification","valueRequired":true,"valueName":"search_term_string"}}],"inLanguage":"fr-FR"}]}},"jetpack_sharing_enabled":true,"_links":{"self":[{"href":"https:\/\/cumse.org\/fr\/wp-json\/wp\/v2\/pages\/5185","targetHints":{"allow":["GET"]}}],"collection":[{"href":"https:\/\/cumse.org\/fr\/wp-json\/wp\/v2\/pages"}],"about":[{"href":"https:\/\/cumse.org\/fr\/wp-json\/wp\/v2\/types\/page"}],"author":[{"embeddable":true,"href":"https:\/\/cumse.org\/fr\/wp-json\/wp\/v2\/users\/1"}],"replies":[{"embeddable":true,"href":"https:\/\/cumse.org\/fr\/wp-json\/wp\/v2\/comments?post=5185"}],"version-history":[{"count":0,"href":"https:\/\/cumse.org\/fr\/wp-json\/wp\/v2\/pages\/5185\/revisions"}],"wp:attachment":[{"href":"https:\/\/cumse.org\/fr\/wp-json\/wp\/v2\/media?parent=5185"}],"curies":[{"name":"wp","href":"https:\/\/api.w.org\/{rel}","templated":true}]}}