{"id":5097,"date":"2021-03-18T16:48:12","date_gmt":"2021-03-18T15:48:12","guid":{"rendered":"https:\/\/cumse.org\/?page_id=5097"},"modified":"2021-10-29T11:00:19","modified_gmt":"2021-10-29T10:00:19","slug":"cumse-prima-il-pane","status":"publish","type":"page","link":"https:\/\/cumse.org\/fr\/cumse-prima-il-pane\/","title":{"rendered":"CUMSE PRIMA IL PANE"},"content":{"rendered":"<div class=\"vc_row wpb_row vc_row-fluid vc_custom_1635501615693\"><div class=\"wpb_column col-md-12\"><div class=\"vc_column-inner \"><div class=\"wpb_wrapper\">\n\t<div  class=\"wpb_single_image wpb_content_element vc_align_left\">\n\t\t\n\t\t<figure class=\"wpb_wrapper vc_figure\">\n\t\t\t<div class=\"vc_single_image-wrapper   vc_box_border_grey\"><img loading=\"lazy\" decoding=\"async\" width=\"1920\" height=\"739\" src=\"https:\/\/i0.wp.com\/cumse.org\/wp-content\/uploads\/2021\/03\/3.png?fit=1920%2C739&amp;ssl=1\" class=\"vc_single_image-img attachment-full\" alt=\"\" srcset=\"https:\/\/i0.wp.com\/cumse.org\/wp-content\/uploads\/2021\/03\/3.png?w=1920&amp;ssl=1 1920w, https:\/\/i0.wp.com\/cumse.org\/wp-content\/uploads\/2021\/03\/3.png?resize=1200%2C462&amp;ssl=1 1200w, https:\/\/i0.wp.com\/cumse.org\/wp-content\/uploads\/2021\/03\/3.png?resize=300%2C115&amp;ssl=1 300w, https:\/\/i0.wp.com\/cumse.org\/wp-content\/uploads\/2021\/03\/3.png?resize=1024%2C394&amp;ssl=1 1024w, https:\/\/i0.wp.com\/cumse.org\/wp-content\/uploads\/2021\/03\/3.png?resize=768%2C296&amp;ssl=1 768w, https:\/\/i0.wp.com\/cumse.org\/wp-content\/uploads\/2021\/03\/3.png?resize=1536%2C591&amp;ssl=1 1536w, https:\/\/i0.wp.com\/cumse.org\/wp-content\/uploads\/2021\/03\/3.png?w=1280&amp;ssl=1 1280w\" sizes=\"auto, (max-width: 640px) 100vw, 640px\" \/><\/div>\n\t\t<\/figure>\n\t<\/div>\n<\/div><\/div><\/div><\/div><div class=\"vc_row wpb_row vc_row-fluid\"><div class=\"wpb_column col-md-12\"><div class=\"vc_column-inner \"><div class=\"wpb_wrapper\">\n\t<div class=\"wpb_text_column wpb_content_element \" >\n\t\t<div class=\"wpb_wrapper\">\n\t\t\t<h1><span style=\"font-size: 24pt; font-family: 'arial black', sans-serif; color: #ff0000;\"><em><strong>DI CHE COSA SI OCCUPA IL PROGETTO PRIMA IL PANE?<\/strong><\/em><\/span><\/h1>\n\n\t\t<\/div>\n\t<\/div>\n<\/div><\/div><\/div><\/div><div class=\"vc_row wpb_row vc_row-fluid\"><div class=\"wpb_column col-md-8\"><div class=\"vc_column-inner \"><div class=\"wpb_wrapper\">\n\t<div class=\"wpb_text_column wpb_content_element \" >\n\t\t<div class=\"wpb_wrapper\">\n\t\t\t<p><span style=\"font-size: 12pt;\">Il <strong>progetto prima il pane <a href=\"https:\/\/cumse.org\/sanp-sostegno-alle-nuove-poverta\/\">(SaNP)<\/a><\/strong>\u00a0\u00e8 finalizzato alla riduzione dello spreco alimentare e al recupero dalla Grande Distribuzione Organizzata del territorio dei prodotti alimentari invenduti e non commercializzabili, per contribuire al sostegno delle persone che, a causa di difficolt\u00e0 economiche, hanno bisogno di assistenza.<\/span><\/p>\n<p><span style=\"font-size: 12pt;\">Attualmente le categorie di persone che necessitano \u00e8 sempre pi\u00f9 ampia: la maggior parte sono famiglie giovani, molti di loro stranieri e persone che hanno perso il lavoro. E&#8217; importante fare la differenza il prima possibile per poter aiutare queste persone!<\/span><\/p>\n\n\t\t<\/div>\n\t<\/div>\n<\/div><\/div><\/div><div class=\"wpb_column col-md-4\"><div class=\"vc_column-inner \"><div class=\"wpb_wrapper\">\n\t<div  class=\"wpb_single_image wpb_content_element vc_align_left\">\n\t\t\n\t\t<figure class=\"wpb_wrapper vc_figure\">\n\t\t\t<div class=\"vc_single_image-wrapper   vc_box_border_grey\"><img loading=\"lazy\" decoding=\"async\" width=\"350\" height=\"271\" src=\"https:\/\/i0.wp.com\/cumse.org\/wp-content\/uploads\/2021\/03\/0c7b693f-e948-4f23-b818-797e6e67935b.jpg?fit=350%2C271&amp;ssl=1\" class=\"vc_single_image-img attachment-full\" alt=\"\" srcset=\"https:\/\/i0.wp.com\/cumse.org\/wp-content\/uploads\/2021\/03\/0c7b693f-e948-4f23-b818-797e6e67935b.jpg?w=350&amp;ssl=1 350w, https:\/\/i0.wp.com\/cumse.org\/wp-content\/uploads\/2021\/03\/0c7b693f-e948-4f23-b818-797e6e67935b.jpg?resize=200%2C155&amp;ssl=1 200w, https:\/\/i0.wp.com\/cumse.org\/wp-content\/uploads\/2021\/03\/0c7b693f-e948-4f23-b818-797e6e67935b.jpg?resize=300%2C232&amp;ssl=1 300w\" sizes=\"auto, (max-width: 350px) 100vw, 350px\" \/><\/div>\n\t\t<\/figure>\n\t<\/div>\n<\/div><\/div><\/div><\/div><div class=\"vc_row wpb_row vc_row-fluid\"><div class=\"wpb_column col-md-12\"><div class=\"vc_column-inner \"><div class=\"wpb_wrapper\">\n\t<div class=\"wpb_text_column wpb_content_element \" >\n\t\t<div class=\"wpb_wrapper\">\n\t\t\t<h2><span style=\"font-size: 24pt; font-family: 'arial black', sans-serif; color: #ff0000;\"><em><strong>LA GESTIONE DELLE ECCEDENZE DELLA GRANDE DISTRIBUZIONE PU\u00d2 CONTRASTARE LO SPRECO ALIMENTARE IN ITALIA?<\/strong><\/em><\/span><\/h2>\n\n\t\t<\/div>\n\t<\/div>\n<\/div><\/div><\/div><\/div><div class=\"vc_row wpb_row vc_row-fluid\"><div class=\"wpb_column col-md-6\"><div class=\"vc_column-inner \"><div class=\"wpb_wrapper\">\n\t<div class=\"wpb_text_column wpb_content_element \" >\n\t\t<div class=\"wpb_wrapper\">\n\t\t\t<p><span style=\"font-size: 12pt;\">Nel corso degli ultimi anni, la crisi economico-finanziaria ha causato l&#8217;aumento della percentuale delle famiglie e degli individui in stato di povert\u00e0. I numeri sono spaventosi: nel 2020 sono state buttate via 1.661.107 tonnellate di cibo in casa e 3.624.973 tonnellate considerando le perdite e gli sprechi di filiera. Questi dati rendono lo spreco alimentare inaccettabile: \u00e8 un problema enorme che aggrava sia sui consumatori sia sulle aziende produttrici.<\/span><br \/>\n<span style=\"font-size: 12pt;\">Secondo gli Obiettivi di Sviluppo Sostenibili, definiti dall&#8217;<a title=\"Organizzazione delle Nazioni Unite\" href=\"https:\/\/it.wikipedia.org\/wiki\/Organizzazione_delle_Nazioni_Unite\">Organizzazione delle Nazioni Unite<\/a> come strategia &#8220;per ottenere un futuro migliore e pi\u00f9 sostenibile per tutti&#8221;, il Goal 12 (Consumo e Produzione Responsabile) ha come obiettivo di raggiungere entro il 2030, di dimezzare lo spreco alimentare globale pro capite a livello di vendita al dettaglio e di consumatori e di ridurre le perdite di cibo lungo le catene di produzione e fornitura, comprese le perdite post-raccolto.<\/span><\/p>\n\n\t\t<\/div>\n\t<\/div>\n\n\t<div  class=\"wpb_single_image wpb_content_element vc_align_left\">\n\t\t\n\t\t<figure class=\"wpb_wrapper vc_figure\">\n\t\t\t<div class=\"vc_single_image-wrapper   vc_box_border_grey\"><\/div>\n\t\t<\/figure>\n\t<\/div>\n<\/div><\/div><\/div><div class=\"wpb_column col-md-6\"><div class=\"vc_column-inner \"><div class=\"wpb_wrapper\">\n<div class=\"vc_chart vc_line-chart wpb_content_element\" data-vc-legend=\"1\" data-vc-animation=\"easeInOutCubic\" data-vc-type=\"bar\" data-vc-values=\"{&quot;labels&quot;:[&quot;&quot;],&quot;datasets&quot;:[{&quot;label&quot;:&quot;Pesce&quot;,&quot;fillColor&quot;:&quot;#5472d2&quot;,&quot;strokeColor&quot;:&quot;#5472d2&quot;,&quot;pointColor&quot;:&quot;#5472d2&quot;,&quot;pointStrokeColor&quot;:&quot;#5472d2&quot;,&quot;highlightFill&quot;:&quot;#3c5ecc&quot;,&quot;highlightStroke&quot;:&quot;#3c5ecc&quot;,&quot;pointHighlightFill&quot;:&quot;#3c5ecc&quot;,&quot;pointHighlightStroke&quot;:&quot;#3c5ecc&quot;,&quot;data&quot;:[&quot;15&quot;,&quot; 50&quot;]},{&quot;label&quot;:&quot;Ortaggi e Frutta&quot;,&quot;fillColor&quot;:&quot;#6dab3c&quot;,&quot;strokeColor&quot;:&quot;#6dab3c&quot;,&quot;pointColor&quot;:&quot;#6dab3c&quot;,&quot;pointStrokeColor&quot;:&quot;#6dab3c&quot;,&quot;highlightFill&quot;:&quot;#5f9434&quot;,&quot;highlightStroke&quot;:&quot;#5f9434&quot;,&quot;pointHighlightFill&quot;:&quot;#5f9434&quot;,&quot;pointHighlightStroke&quot;:&quot;#5f9434&quot;,&quot;data&quot;:[&quot;17&quot;]},{&quot;label&quot;:&quot;Pasta e pane&quot;,&quot;fillColor&quot;:&quot;#f7be68&quot;,&quot;strokeColor&quot;:&quot;#f7be68&quot;,&quot;pointColor&quot;:&quot;#f7be68&quot;,&quot;pointStrokeColor&quot;:&quot;#f7be68&quot;,&quot;highlightFill&quot;:&quot;#f5b14b&quot;,&quot;highlightStroke&quot;:&quot;#f5b14b&quot;,&quot;pointHighlightFill&quot;:&quot;#f5b14b&quot;,&quot;pointHighlightStroke&quot;:&quot;#f5b14b&quot;,&quot;data&quot;:[&quot;28&quot;]},{&quot;label&quot;:&quot;Uova &quot;,&quot;fillColor&quot;:&quot;#fe6c61&quot;,&quot;strokeColor&quot;:&quot;#fe6c61&quot;,&quot;pointColor&quot;:&quot;#fe6c61&quot;,&quot;pointStrokeColor&quot;:&quot;#fe6c61&quot;,&quot;highlightFill&quot;:&quot;#fe5043&quot;,&quot;highlightStroke&quot;:&quot;#fe5043&quot;,&quot;pointHighlightFill&quot;:&quot;#fe5043&quot;,&quot;pointHighlightStroke&quot;:&quot;#fe5043&quot;,&quot;data&quot;:[&quot;29&quot;]},{&quot;label&quot;:&quot;Carne&quot;,&quot;fillColor&quot;:&quot;#8d6dc4&quot;,&quot;strokeColor&quot;:&quot;#8d6dc4&quot;,&quot;pointColor&quot;:&quot;#8d6dc4&quot;,&quot;pointStrokeColor&quot;:&quot;#8d6dc4&quot;,&quot;highlightFill&quot;:&quot;#7c57bb&quot;,&quot;highlightStroke&quot;:&quot;#7c57bb&quot;,&quot;pointHighlightFill&quot;:&quot;#7c57bb&quot;,&quot;pointHighlightStroke&quot;:&quot;#7c57bb&quot;,&quot;data&quot;:[&quot;30&quot;]},{&quot;label&quot;:&quot;Latticini&quot;,&quot;fillColor&quot;:&quot;#b97ebb&quot;,&quot;strokeColor&quot;:&quot;#b97ebb&quot;,&quot;pointColor&quot;:&quot;#b97ebb&quot;,&quot;pointStrokeColor&quot;:&quot;#b97ebb&quot;,&quot;highlightFill&quot;:&quot;#ae6ab0&quot;,&quot;highlightStroke&quot;:&quot;#ae6ab0&quot;,&quot;pointHighlightFill&quot;:&quot;#ae6ab0&quot;,&quot;pointHighlightStroke&quot;:&quot;#ae6ab0&quot;,&quot;data&quot;:[&quot;32&quot;]}]}\">\n\t<h2 class=\"wpb_heading\">Percentuale dei prodotti sprecati per categoria merceologica<\/h4>\n\t<div class=\"wpb_wrapper\">\n\t\t<div class=\"vc_chart-with-legend\"><canvas class=\"vc_line-chart-canvas\" width=\"1\" height=\"1\"><\/canvas><\/div><ul class=\"vc_chart-legend\"><li><span style=\"background-color:#5472d2\"><\/span>Pesce<\/li><li><span style=\"background-color:#6dab3c\"><\/span>Ortaggi e Frutta<\/li><li><span style=\"background-color:#f7be68\"><\/span>Pasta e pane<\/li><li><span style=\"background-color:#fe6c61\"><\/span>Uova <\/li><li><span style=\"background-color:#8d6dc4\"><\/span>Carne<\/li><li><span style=\"background-color:#b97ebb\"><\/span>Latticini<\/li><\/ul>\n\t<\/div>\n<\/div>\n<\/div><\/div><\/div><\/div><div class=\"vc_row wpb_row vc_row-fluid\"><div class=\"wpb_column col-md-12\"><div class=\"vc_column-inner \"><div class=\"wpb_wrapper\">\n\t<div class=\"wpb_text_column wpb_content_element \" >\n\t\t<div class=\"wpb_wrapper\">\n\t\t\t<h2><span style=\"font-size: 24pt; font-family: 'arial black', sans-serif; color: #ff0000;\"><em><strong>COME FUNZIONA IL PROGETTO PRIMA IL PANE?<\/strong><\/em><\/span><\/h2>\n\n\t\t<\/div>\n\t<\/div>\n<\/div><\/div><\/div><\/div><div class=\"vc_row wpb_row vc_row-fluid\"><div class=\"wpb_column col-md-12\"><div class=\"vc_column-inner \"><div class=\"wpb_wrapper\">\n\t<div class=\"wpb_text_column wpb_content_element \" >\n\t\t<div class=\"wpb_wrapper\">\n\t\t\t<p><span style=\"font-size: 12pt;\">II progetto agisce su tre fronti:<\/span><br \/>\n<span style=\"font-size: 12pt;\">1) favorisce la diminuzione delle eccedenze dei prodotti in eccedenza nella Grande Distribuzione Organizzata;<\/span><br \/>\n<span style=\"font-size: 12pt;\">2) permette ai punti di distribuzione (ex: Caritas) di ricevere risorse alimentari sufficienti per assistere le persone in difficolt\u00e0 che ad essi si avvicinano;<\/span><br \/>\n<span style=\"font-size: 12pt;\">3) aiuta le famiglie che versano in difficili condizioni economiche, i nuovi poveri, gli emarginati e i senzatetto.<\/span><br \/>\n<span style=\"font-size: 12pt;\">L&#8217;obiettivo pricipale \u00e8 quello di permettere un rapporto pi\u00f9 efficiente tra donatore e beneficiario, affinch\u00e9 la donazione di alimenti invenduti, ma ancora salubri ai fini solidali, diventi una buona pratica sostenibile con un vantaggio etico, ambientale ed economico.<\/span><br \/>\n<span style=\"font-size: 12pt;\">La costruzione di una rete territoriale di economie sociali contro gli sprechi passa da una buona comunicazione tra i distributori e i punti vendita, attraverso un coordinamento<\/span><br \/>\n<span style=\"font-size: 12pt;\">comune, da un valido sistema di ritiro dei prodotti dalla GDO e da un reale impegno politico teso alla riduzione degli sprechi e delle perdite alimentari.<\/span><\/p>\n\n\t\t<\/div>\n\t<\/div>\n<\/div><\/div><\/div><\/div><div class=\"vc_row wpb_row vc_row-fluid\"><div class=\"wpb_column col-md-12\"><div class=\"vc_column-inner \"><div class=\"wpb_wrapper\"><section id=\"about-bottom\" class=\"about-bottom tab3 clearfix\">\n          <div class=\"about-bottom-details\">\n            <div class=\"col-md-6\">\n              <div class=\"section-padding\">\n                \n                <h3 class=\"section-sub-title\">POSSIAMO OTTENERE UN RISULTATO!<\/h3>\n                <p class=\"description\">Ogni giorno il furgone di Fondazione Cumse passa da pi\u00f9 supermercati della rete e, dopo aver espletato le pratiche amministrative (bolle di trasporto, carico merce\u2026) consegna al Centro d\u2019Ascolto di riferimento per quel giorno.<br \/>\nIl punto di forza \u00e8 determinato dai volontari, fondamentali in Fondazione Cumse e nei Centri d\u2019Ascolto per la distribuzione dei pacchi viveri alle persone bisognose.<br \/>\nL&#8217;obiettivo del progetto \u00e8<br \/>\n1) Donare quotidianamente risorse alimentari<br \/>\n2) Aumentare la rete di approvigionamento del cibo presso supermercati o attraverso donazioni.<\/p>\n\n                <div class=\"btn-container\">\n                  <a href=\"https:\/\/cumse.org\/sanp-sostegno-alle-nuove-poverta\/\" class=\"btn btn-sm more-btn\">SaNP<\/a>\n                  <a href=\"https:\/\/www.paypal.com\/donate\/?hosted_button_id=B4EJYGY5ZQ5CL&amp;source=qr&amp;Z3JncnB0&amp;Z3JncnB0=\" class=\"btn btn-sm\" style=\"left:20px;\">Dona ora!<\/a>\n                <\/div><!-- \/.btn-container -->\n              <\/div><!-- \/.section-padding -->\n            <\/div>\n\n            <div class=\"col-md-6\">\n              <img decoding=\"async\" src=\"https:\/\/i0.wp.com\/cumse.org\/wp-content\/uploads\/2021\/03\/5-2.png?fit=600%2C600&ssl=1\" alt=\"CUMSE PRIMA IL PANE\">\n            <\/div>\n          <\/div><!-- \/.about-bottom-details -->\n        <\/section><!-- \/#about-bottom --><div class=\"vc_empty_space\"   style=\"height: 50px\" ><span class=\"vc_empty_space_inner\"><\/span><\/div>\n<\/div><\/div><\/div><\/div><div class=\"vc_row wpb_row vc_row-fluid\"><div class=\"wpb_column col-md-2\"><div class=\"vc_column-inner \"><div class=\"wpb_wrapper\">\n\t<div  class=\"wpb_single_image wpb_content_element vc_align_center\">\n\t\t\n\t\t<figure class=\"wpb_wrapper vc_figure\">\n\t\t\t<a href=\"https:\/\/cumse.org\/sanp-sostegno-alle-nuove-poverta\/\" target=\"_self\" class=\"vc_single_image-wrapper   vc_box_border_grey\"><img loading=\"lazy\" decoding=\"async\" class=\"vc_single_image-img \" src=\"https:\/\/i0.wp.com\/cumse.org\/wp-content\/uploads\/2020\/10\/logo-0-SANP-e1603988729750-200x240.png\" width=\"200\" height=\"240\" alt=\"SaNP\" title=\"logo SANP\" \/><\/a>\n\t\t<\/figure>\n\t<\/div>\n<\/div><\/div><\/div><div class=\"wpb_column col-md-2\"><div class=\"vc_column-inner \"><div class=\"wpb_wrapper\">\n\t<div  class=\"wpb_single_image wpb_content_element vc_align_center\">\n\t\t\n\t\t<figure class=\"wpb_wrapper vc_figure\">\n\t\t\t<a href=\"https:\/\/cumse.org\/cumse-time-to-care\/\" target=\"_self\" class=\"vc_single_image-wrapper   vc_box_border_grey\"><img loading=\"lazy\" decoding=\"async\" class=\"vc_single_image-img \" src=\"https:\/\/i0.wp.com\/cumse.org\/wp-content\/uploads\/2021\/03\/3181847f-b661-4aac-b803-b0a9bbc03c28-200x240.jpg\" width=\"200\" height=\"240\" alt=\"cumse-time-to-care\" title=\"cumse-time-to-care\" \/><\/a>\n\t\t<\/figure>\n\t<\/div>\n<\/div><\/div><\/div><div class=\"wpb_column col-md-2\"><div class=\"vc_column-inner \"><div class=\"wpb_wrapper\">\n\t<div  class=\"wpb_single_image wpb_content_element vc_align_center\">\n\t\t\n\t\t<figure class=\"wpb_wrapper vc_figure\">\n\t\t\t<a href=\"https:\/\/cumse.org\/cumse-charity-street\/\" target=\"_self\" class=\"vc_single_image-wrapper   vc_box_border_grey\"><img loading=\"lazy\" decoding=\"async\" class=\"vc_single_image-img \" src=\"https:\/\/i0.wp.com\/cumse.org\/wp-content\/uploads\/2021\/03\/7072aa2c-41aa-4f26-9c9e-3323e8b7518d-200x240.jpg\" width=\"200\" height=\"240\" alt=\"7072aa2c-41aa-4f26-9c9e-3323e8b7518d\" title=\"7072aa2c-41aa-4f26-9c9e-3323e8b7518d\" \/><\/a>\n\t\t<\/figure>\n\t<\/div>\n<\/div><\/div><\/div><div class=\"wpb_column col-md-2\"><div class=\"vc_column-inner \"><div class=\"wpb_wrapper\">\n\t<div  class=\"wpb_single_image wpb_content_element vc_align_center\">\n\t\t\n\t\t<figure class=\"wpb_wrapper vc_figure\">\n\t\t\t<a href=\"https:\/\/cumse.org\/cumse-sorrisi-sospesi\/\" target=\"_self\" class=\"vc_single_image-wrapper   vc_box_border_grey\"><img loading=\"lazy\" decoding=\"async\" class=\"vc_single_image-img \" src=\"https:\/\/i0.wp.com\/cumse.org\/wp-content\/uploads\/2021\/03\/55fa9179-b196-44f9-b05f-2d5d95bd48d2-200x240.jpg\" width=\"200\" height=\"240\" alt=\"55fa9179-b196-44f9-b05f-2d5d95bd48d2\" title=\"55fa9179-b196-44f9-b05f-2d5d95bd48d2\" \/><\/a>\n\t\t<\/figure>\n\t<\/div>\n<\/div><\/div><\/div><div class=\"wpb_column col-md-2\"><div class=\"vc_column-inner \"><div class=\"wpb_wrapper\">\n\t<div  class=\"wpb_single_image wpb_content_element vc_align_center\">\n\t\t\n\t\t<figure class=\"wpb_wrapper vc_figure\">\n\t\t\t<a href=\"https:\/\/cumse.org\/cumse-sostegno-di-prossimita\/\" target=\"_self\" class=\"vc_single_image-wrapper   vc_box_border_grey\"><img loading=\"lazy\" decoding=\"async\" class=\"vc_single_image-img \" src=\"https:\/\/i0.wp.com\/cumse.org\/wp-content\/uploads\/2021\/03\/fc455904-2e2a-49bc-8dd2-9ea065a94e57-200x240.jpg\" width=\"200\" height=\"240\" alt=\"fc455904-2e2a-49bc-8dd2-9ea065a94e57\" title=\"fc455904-2e2a-49bc-8dd2-9ea065a94e57\" \/><\/a>\n\t\t<\/figure>\n\t<\/div>\n<\/div><\/div><\/div><div class=\"wpb_column col-md-2\"><div class=\"vc_column-inner \"><div class=\"wpb_wrapper\">\n\t<div  class=\"wpb_single_image wpb_content_element vc_align_center\">\n\t\t\n\t\t<figure class=\"wpb_wrapper vc_figure\">\n\t\t\t<a href=\"https:\/\/cumse.org\/cumse-4-ruote-amiche\/\" target=\"_self\" class=\"vc_single_image-wrapper   vc_box_border_grey\"><img loading=\"lazy\" decoding=\"async\" class=\"vc_single_image-img \" src=\"https:\/\/i0.wp.com\/cumse.org\/wp-content\/uploads\/2021\/03\/55f46d70-eb75-405f-92a3-c6c22089e0d0-200x240.jpg\" width=\"200\" height=\"240\" alt=\"55f46d70-eb75-405f-92a3-c6c22089e0d0\" title=\"55f46d70-eb75-405f-92a3-c6c22089e0d0\" \/><\/a>\n\t\t<\/figure>\n\t<\/div>\n<\/div><\/div><\/div><\/div><div class=\"vc_row wpb_row vc_row-fluid\"><div class=\"wpb_column col-md-12\"><div class=\"vc_column-inner \"><div class=\"wpb_wrapper\">\n\t<div  class=\"wpb_single_image wpb_content_element vc_align_left\">\n\t\t\n\t\t<figure class=\"wpb_wrapper vc_figure\">\n\t\t\t<div class=\"vc_single_image-wrapper   vc_box_border_grey\"><\/div>\n\t\t<\/figure>\n\t<\/div>\n<\/div><\/div><\/div><\/div>\n","protected":false},"excerpt":{"rendered":"DI CHE COSA SI OCCUPA IL PROGETTO PRIMA IL PANE? Il progetto prima il pane (SaNP)\u00a0\u00e8 finalizzato alla riduzione dello spreco alimentare e al recupero dalla Grande Distribuzione Organizzata del territorio dei prodotti alimentari invenduti e non commercializzabili, per contribuire al sostegno delle persone che, a causa di difficolt\u00e0 economiche, hanno bisogno di assistenza. Attualmente [...]","protected":false},"author":1,"featured_media":0,"parent":0,"menu_order":0,"comment_status":"closed","ping_status":"closed","template":"homepage-template.php","meta":{"footnotes":""},"class_list":["post-5097","page","type-page","status-publish","hentry"],"yoast_head":"<!-- This site is optimized with the Yoast SEO plugin v27.3 - https:\/\/yoast.com\/product\/yoast-seo-wordpress\/ -->\n<title>CUMSE PRIMA IL PANE - Fondazione Cumse ETS<\/title>\n<meta name=\"description\" content=\"PRIMA IL PANE - Riduzione dello spreco alimentare e recupero dalla Grande Distribuzione del territorio prodotti alimentari invenduti\" \/>\n<meta name=\"robots\" content=\"index, follow, max-snippet:-1, max-image-preview:large, max-video-preview:-1\" \/>\n<link rel=\"canonical\" href=\"https:\/\/cumse.org\/fr\/cumse-prima-il-pane\/\" \/>\n<meta property=\"og:locale\" content=\"fr_FR\" \/>\n<meta property=\"og:type\" content=\"article\" \/>\n<meta property=\"og:title\" content=\"CUMSE PRIMA IL PANE - Fondazione Cumse ETS\" \/>\n<meta property=\"og:description\" content=\"PRIMA IL PANE - Riduzione dello spreco alimentare e recupero dalla Grande Distribuzione del territorio prodotti alimentari invenduti\" \/>\n<meta property=\"og:url\" content=\"https:\/\/cumse.org\/fr\/cumse-prima-il-pane\/\" \/>\n<meta property=\"og:site_name\" content=\"Fondazione Cumse ETS\" \/>\n<meta property=\"article:modified_time\" content=\"2021-10-29T10:00:19+00:00\" \/>\n<meta name=\"twitter:card\" content=\"summary_large_image\" \/>\n<meta name=\"twitter:label1\" content=\"Dur\u00e9e de lecture estim\u00e9e\" \/>\n\t<meta name=\"twitter:data1\" content=\"3 minutes\" \/>\n<script type=\"application\/ld+json\" class=\"yoast-schema-graph\">{\"@context\":\"https:\\\/\\\/schema.org\",\"@graph\":[{\"@type\":\"WebPage\",\"@id\":\"https:\\\/\\\/cumse.org\\\/cumse-prima-il-pane\\\/\",\"url\":\"https:\\\/\\\/cumse.org\\\/cumse-prima-il-pane\\\/\",\"name\":\"CUMSE PRIMA IL PANE - Fondazione Cumse ETS\",\"isPartOf\":{\"@id\":\"https:\\\/\\\/cumse.org\\\/#website\"},\"datePublished\":\"2021-03-18T15:48:12+00:00\",\"dateModified\":\"2021-10-29T10:00:19+00:00\",\"description\":\"PRIMA IL PANE - Riduzione dello spreco alimentare e recupero dalla Grande Distribuzione del territorio prodotti alimentari invenduti\",\"breadcrumb\":{\"@id\":\"https:\\\/\\\/cumse.org\\\/cumse-prima-il-pane\\\/#breadcrumb\"},\"inLanguage\":\"fr-FR\",\"potentialAction\":[{\"@type\":\"ReadAction\",\"target\":[\"https:\\\/\\\/cumse.org\\\/cumse-prima-il-pane\\\/\"]}]},{\"@type\":\"BreadcrumbList\",\"@id\":\"https:\\\/\\\/cumse.org\\\/cumse-prima-il-pane\\\/#breadcrumb\",\"itemListElement\":[{\"@type\":\"ListItem\",\"position\":1,\"name\":\"Home\",\"item\":\"https:\\\/\\\/cumse.org\\\/\"},{\"@type\":\"ListItem\",\"position\":2,\"name\":\"CUMSE PRIMA IL PANE\"}]},{\"@type\":\"WebSite\",\"@id\":\"https:\\\/\\\/cumse.org\\\/#website\",\"url\":\"https:\\\/\\\/cumse.org\\\/\",\"name\":\"Fondazione Cumse ETS\",\"description\":\"Siamo dove gli altri distolgono lo sguardo\",\"potentialAction\":[{\"@type\":\"SearchAction\",\"target\":{\"@type\":\"EntryPoint\",\"urlTemplate\":\"https:\\\/\\\/cumse.org\\\/?s={search_term_string}\"},\"query-input\":{\"@type\":\"PropertyValueSpecification\",\"valueRequired\":true,\"valueName\":\"search_term_string\"}}],\"inLanguage\":\"fr-FR\"}]}<\/script>\n<!-- \/ Yoast SEO plugin. -->","yoast_head_json":{"title":"CUMSE PRIMA IL PANE - Fondazione Cumse ETS","description":"PRIMA IL PANE - Riduzione dello spreco alimentare e recupero dalla Grande Distribuzione del territorio prodotti alimentari invenduti","robots":{"index":"index","follow":"follow","max-snippet":"max-snippet:-1","max-image-preview":"max-image-preview:large","max-video-preview":"max-video-preview:-1"},"canonical":"https:\/\/cumse.org\/fr\/cumse-prima-il-pane\/","og_locale":"fr_FR","og_type":"article","og_title":"CUMSE PRIMA IL PANE - Fondazione Cumse ETS","og_description":"PRIMA IL PANE - Riduzione dello spreco alimentare e recupero dalla Grande Distribuzione del territorio prodotti alimentari invenduti","og_url":"https:\/\/cumse.org\/fr\/cumse-prima-il-pane\/","og_site_name":"Fondazione Cumse ETS","article_modified_time":"2021-10-29T10:00:19+00:00","twitter_card":"summary_large_image","twitter_misc":{"Dur\u00e9e de lecture estim\u00e9e":"3 minutes"},"schema":{"@context":"https:\/\/schema.org","@graph":[{"@type":"WebPage","@id":"https:\/\/cumse.org\/cumse-prima-il-pane\/","url":"https:\/\/cumse.org\/cumse-prima-il-pane\/","name":"CUMSE PRIMA IL PANE - Fondazione Cumse ETS","isPartOf":{"@id":"https:\/\/cumse.org\/#website"},"datePublished":"2021-03-18T15:48:12+00:00","dateModified":"2021-10-29T10:00:19+00:00","description":"PRIMA IL PANE - Riduzione dello spreco alimentare e recupero dalla Grande Distribuzione del territorio prodotti alimentari invenduti","breadcrumb":{"@id":"https:\/\/cumse.org\/cumse-prima-il-pane\/#breadcrumb"},"inLanguage":"fr-FR","potentialAction":[{"@type":"ReadAction","target":["https:\/\/cumse.org\/cumse-prima-il-pane\/"]}]},{"@type":"BreadcrumbList","@id":"https:\/\/cumse.org\/cumse-prima-il-pane\/#breadcrumb","itemListElement":[{"@type":"ListItem","position":1,"name":"Home","item":"https:\/\/cumse.org\/"},{"@type":"ListItem","position":2,"name":"CUMSE PRIMA IL PANE"}]},{"@type":"WebSite","@id":"https:\/\/cumse.org\/#website","url":"https:\/\/cumse.org\/","name":"Fondazione Cumse ETS","description":"Siamo dove gli altri distolgono lo sguardo","potentialAction":[{"@type":"SearchAction","target":{"@type":"EntryPoint","urlTemplate":"https:\/\/cumse.org\/?s={search_term_string}"},"query-input":{"@type":"PropertyValueSpecification","valueRequired":true,"valueName":"search_term_string"}}],"inLanguage":"fr-FR"}]}},"jetpack_sharing_enabled":true,"_links":{"self":[{"href":"https:\/\/cumse.org\/fr\/wp-json\/wp\/v2\/pages\/5097","targetHints":{"allow":["GET"]}}],"collection":[{"href":"https:\/\/cumse.org\/fr\/wp-json\/wp\/v2\/pages"}],"about":[{"href":"https:\/\/cumse.org\/fr\/wp-json\/wp\/v2\/types\/page"}],"author":[{"embeddable":true,"href":"https:\/\/cumse.org\/fr\/wp-json\/wp\/v2\/users\/1"}],"replies":[{"embeddable":true,"href":"https:\/\/cumse.org\/fr\/wp-json\/wp\/v2\/comments?post=5097"}],"version-history":[{"count":0,"href":"https:\/\/cumse.org\/fr\/wp-json\/wp\/v2\/pages\/5097\/revisions"}],"wp:attachment":[{"href":"https:\/\/cumse.org\/fr\/wp-json\/wp\/v2\/media?parent=5097"}],"curies":[{"name":"wp","href":"https:\/\/api.w.org\/{rel}","templated":true}]}}