{"id":3695,"date":"2021-01-22T09:19:12","date_gmt":"2021-01-22T08:19:12","guid":{"rendered":"https:\/\/cumse.org\/?page_id=3695"},"modified":"2022-12-14T10:42:51","modified_gmt":"2022-12-14T09:42:51","slug":"progetto-scuola-cameroun","status":"publish","type":"page","link":"https:\/\/cumse.org\/fr\/progetto-scuola-cameroun\/","title":{"rendered":"PROGETTO SCUOLA CAMEROUN"},"content":{"rendered":"<div class=\"vc_row wpb_row vc_row-fluid vc_custom_1635501426324\"><div class=\"wpb_column col-md-12\"><div class=\"vc_column-inner\"><div class=\"wpb_wrapper\">\n\t<div  class=\"wpb_single_image wpb_content_element vc_align_left\">\n\t\t\n\t\t<figure class=\"wpb_wrapper vc_figure\">\n\t\t\t<div class=\"vc_single_image-wrapper   vc_box_border_grey\"><img loading=\"lazy\" decoding=\"async\" width=\"1920\" height=\"739\" src=\"https:\/\/i0.wp.com\/cumse.org\/wp-content\/uploads\/2021\/04\/Chi-siamo-1.png?fit=1920%2C739&amp;ssl=1\" class=\"vc_single_image-img attachment-full\" alt=\"\" srcset=\"https:\/\/i0.wp.com\/cumse.org\/wp-content\/uploads\/2021\/04\/Chi-siamo-1.png?w=1920&amp;ssl=1 1920w, https:\/\/i0.wp.com\/cumse.org\/wp-content\/uploads\/2021\/04\/Chi-siamo-1.png?resize=1200%2C462&amp;ssl=1 1200w, https:\/\/i0.wp.com\/cumse.org\/wp-content\/uploads\/2021\/04\/Chi-siamo-1.png?resize=300%2C115&amp;ssl=1 300w, https:\/\/i0.wp.com\/cumse.org\/wp-content\/uploads\/2021\/04\/Chi-siamo-1.png?resize=1024%2C394&amp;ssl=1 1024w, https:\/\/i0.wp.com\/cumse.org\/wp-content\/uploads\/2021\/04\/Chi-siamo-1.png?resize=768%2C296&amp;ssl=1 768w, https:\/\/i0.wp.com\/cumse.org\/wp-content\/uploads\/2021\/04\/Chi-siamo-1.png?resize=1536%2C591&amp;ssl=1 1536w, https:\/\/i0.wp.com\/cumse.org\/wp-content\/uploads\/2021\/04\/Chi-siamo-1.png?w=1280&amp;ssl=1 1280w\" sizes=\"auto, (max-width: 640px) 100vw, 640px\" \/><\/div>\n\t\t<\/figure>\n\t<\/div>\n<\/div><\/div><\/div><\/div><div class=\"vc_row wpb_row vc_row-fluid vc_custom_1618586539715\"><div class=\"wpb_column col-md-12\"><div class=\"vc_column-inner\"><div class=\"wpb_wrapper\">\n\t<div class=\"wpb_text_column wpb_content_element\" >\n\t\t<div class=\"wpb_wrapper\">\n\t\t\t<h1><span style=\"color: #ff0000;\"><strong>\"L'\u00e9ducation est l'arme la plus puissante que vous puissiez utiliser pour changer le monde\"<br \/>\n<span style=\"font-size: 12pt;\">\u00a0Nelson Mandela<\/span><\/strong><\/span><\/h1>\n\n\t\t<\/div>\n\t<\/div>\n<\/div><\/div><\/div><\/div><div class=\"vc_row wpb_row vc_row-fluid vc_custom_1618586619229\"><div class=\"wpb_column col-md-12\"><div class=\"vc_column-inner\"><div class=\"wpb_wrapper\">\n\t<div class=\"wpb_text_column wpb_content_element\" >\n\t\t<div class=\"wpb_wrapper\">\n\t\t\t<p><span style=\"font-size: 12pt;\"><strong>La Fondation Cumse promeut le projet de construction d'une structure pour une \u00e9cole primaire au Cameroun<\/strong>, situ\u00e9 dans l'un des principaux parcs nationaux de la nation africaine.<\/span><\/p>\n<p><span style=\"font-size: 12pt;\">Les structures n\u00e9cessaires \u00e0 l'accueil scolaire qui seront construites en m\u00e9langeant savamment les techniques et m\u00e9thodes de construction occidentales avec les mat\u00e9riaux locaux, en veillant, dans la conception architecturale, \u00e0 assurer l'int\u00e9gration avec les structures typiques des lieux.<\/span><\/p>\n<p><span style=\"font-size: 12pt;\">L'\u00e9cole est\u00a0<strong>totalement autonome<\/strong>\u00a0pour la luminosit\u00e9, le climat int\u00e9rieur et l'\u00e9lectricit\u00e9 car elle est desservie par des panneaux photovolta\u00efques.<\/span><\/p>\n\n\t\t<\/div>\n\t<\/div>\n<\/div><\/div><\/div><\/div><div class=\"vc_row wpb_row vc_row-fluid vc_custom_1618586673820\"><div class=\"wpb_column col-md-12\"><div class=\"vc_column-inner\"><div class=\"wpb_wrapper\"><div class=\"vc_separator wpb_content_element vc_separator_align_center vc_sep_width_100 vc_sep_border_width_6 vc_sep_pos_align_center vc_separator_no_text\" ><span class=\"vc_sep_holder vc_sep_holder_l\"><span  style=\"border-color:#ff0000;\" class=\"vc_sep_line\"><\/span><\/span><span class=\"vc_sep_holder vc_sep_holder_r\"><span  style=\"border-color:#ff0000;\" class=\"vc_sep_line\"><\/span><\/span>\n<\/div><\/div><\/div><\/div><\/div><div class=\"vc_row wpb_row vc_row-fluid vc_custom_1618586773365\"><div class=\"wpb_column col-md-12\"><div class=\"vc_column-inner\"><div class=\"wpb_wrapper\">\n\t<div class=\"wpb_text_column wpb_content_element\" >\n\t\t<div class=\"wpb_wrapper\">\n\t\t\t<h2><span style=\"color: #ff0000;\"><strong>Les raisons du projet.<\/strong><\/span><\/h2>\n\n\t\t<\/div>\n\t<\/div>\n<\/div><\/div><\/div><\/div><div class=\"vc_row wpb_row vc_row-fluid vc_custom_1618586818730\"><div class=\"wpb_column col-md-3\"><div class=\"vc_column-inner\"><div class=\"wpb_wrapper\">\n\t<div  class=\"wpb_single_image wpb_content_element vc_align_left\">\n\t\t\n\t\t<figure class=\"wpb_wrapper vc_figure\">\n\t\t\t<div class=\"vc_single_image-wrapper   vc_box_border_grey\"><img loading=\"lazy\" decoding=\"async\" width=\"300\" height=\"225\" src=\"https:\/\/i0.wp.com\/cumse.org\/wp-content\/uploads\/2021\/04\/IMG-20190917-WA0005-300x225-1.jpg?fit=300%2C225&amp;ssl=1\" class=\"vc_single_image-img attachment-full\" alt=\"\" srcset=\"https:\/\/i0.wp.com\/cumse.org\/wp-content\/uploads\/2021\/04\/IMG-20190917-WA0005-300x225-1.jpg?w=300&amp;ssl=1 300w, https:\/\/i0.wp.com\/cumse.org\/wp-content\/uploads\/2021\/04\/IMG-20190917-WA0005-300x225-1.jpg?resize=200%2C150&amp;ssl=1 200w\" sizes=\"auto, (max-width: 300px) 100vw, 300px\" \/><\/div>\n\t\t<\/figure>\n\t<\/div>\n<\/div><\/div><\/div><div class=\"wpb_column col-md-9\"><div class=\"vc_column-inner\"><div class=\"wpb_wrapper\">\n\t<div class=\"wpb_text_column wpb_content_element\" >\n\t\t<div class=\"wpb_wrapper\">\n\t\t\t<p><span style=\"font-size: 12pt;\">Au Cameroun, contrairement \u00e0 ce qui se passe en Italie, plus on va vers le nord, plus la pauvret\u00e9 et la mis\u00e8re augmentent, auxquelles s'ajoute l'ignorance due au manque d'\u00e9ducation\". Le projet est n\u00e9 de cette prise de conscience, fortement souhait\u00e9e par\u00a0<strong>Paolo Monfardini<\/strong>, pour construire une \u00e9cole dans un village camerounais.<\/span><\/p>\n<p><span style=\"font-size: 12pt;\">Les villages se trouvent souvent \u00e0 proximit\u00e9 de routes de plus de 2000 km de long, qui relient le sud au nord du pays, donc souvent les villes comme Ngaundere ou Garoua o\u00f9 l'on trouve des \u00e9coles dignes de ce nom sont \u00e0 des centaines de kilom\u00e8tres. Pour les habitants de ces villages, ces distances sont immenses, rendant impossible l'utilisation des services qu'une vraie ville, aussi pauvre soit-elle, est en mesure d'offrir.<\/span><br \/>\n<span style=\"font-size: 12pt;\"><strong>Cependant, il arrive que dans ces villages il y ait d\u00e9j\u00e0 des \u00e9coles publiques avec un directeur, des enseignants et des centaines d'\u00e9l\u00e8ves, r\u00e9sidant dans ce village et dans les villages voisins. Il manque cependant un b\u00e2timent scolaire digne de ce nom.<\/strong><\/span><\/p>\n\n\t\t<\/div>\n\t<\/div>\n<\/div><\/div><\/div><\/div><div class=\"vc_row wpb_row vc_row-fluid vc_custom_1618587072571\"><div class=\"wpb_column col-md-12\"><div class=\"vc_column-inner\"><div class=\"wpb_wrapper\"><div class=\"vc_separator wpb_content_element vc_separator_align_center vc_sep_width_100 vc_sep_border_width_6 vc_sep_pos_align_center vc_separator_no_text\" ><span class=\"vc_sep_holder vc_sep_holder_l\"><span  style=\"border-color:#ff0000;\" class=\"vc_sep_line\"><\/span><\/span><span class=\"vc_sep_holder vc_sep_holder_r\"><span  style=\"border-color:#ff0000;\" class=\"vc_sep_line\"><\/span><\/span>\n<\/div><\/div><\/div><\/div><\/div><div class=\"vc_row wpb_row vc_row-fluid vc_custom_1618587380475\"><div class=\"wpb_column col-md-12\"><div class=\"vc_column-inner\"><div class=\"wpb_wrapper\">\n\t<div class=\"wpb_text_column wpb_content_element\" >\n\t\t<div class=\"wpb_wrapper\">\n\t\t\t<h2><span style=\"color: #ff0000;\"><strong>Financement requis.<\/strong><\/span><\/h2>\n\n\t\t<\/div>\n\t<\/div>\n<\/div><\/div><\/div><\/div><div class=\"vc_row wpb_row vc_row-fluid vc_custom_1618587708452\"><div class=\"wpb_column col-md-6\"><div class=\"vc_column-inner\"><div class=\"wpb_wrapper\">\n\t<div class=\"wpb_text_column wpb_content_element\" >\n\t\t<div class=\"wpb_wrapper\">\n\t\t\t<p><span style=\"font-size: 12pt;\">Pour la construction de l'\u00e9cole, nous avons besoin d'environ 80 mille euros.<\/span><\/p>\n<p><span style=\"font-size: 12pt;\"><strong>Le projet sera suivi dans toutes ses phases par M. Monfardini lui-m\u00eame qui garantira le bon d\u00e9roulement des travaux.<\/strong><\/span><\/p>\n<p><span style=\"font-size: 12pt;\">Les pr\u00eateurs sensibles pourront envoyer leurs offres directement \u00e0\u00a0<strong>Fondation Cumse<\/strong>, pr\u00e9cisant \u00ab Contribution pour l'\u00e9cole au Cameroun \u00bb. La Fondation Cumse d\u00e9livrera alors \u00e0 chaque pr\u00eateur un re\u00e7u fiscal valable, ainsi que r\u00e9glera les factures des fournisseurs camerounais par virements bancaires, d\u00e9caiss\u00e9s par \u00e9tapes en fonction de l'avancement des travaux v\u00e9rifi\u00e9s et autoris\u00e9s par les porteurs de projet.<\/span><br \/>\n<span style=\"font-size: 12pt;\"><strong>La Fondation Cumse documentera rapidement tout l'avancement de la construction, du d\u00e9but des travaux \u00e0 son inauguration !<\/strong><\/span><\/p>\n\n\t\t<\/div>\n\t<\/div>\n<\/div><\/div><\/div><div class=\"wpb_column col-md-6\"><div class=\"vc_column-inner\"><div class=\"wpb_wrapper\">\n\t<div  class=\"wpb_single_image wpb_content_element vc_align_left\">\n\t\t\n\t\t<figure class=\"wpb_wrapper vc_figure\">\n\t\t\t<div class=\"vc_single_image-wrapper   vc_box_border_grey\"><img loading=\"lazy\" decoding=\"async\" width=\"723\" height=\"1024\" src=\"https:\/\/i0.wp.com\/cumse.org\/wp-content\/uploads\/2021\/04\/ScuolaBouk_Foto03.jpg?fit=723%2C1024&amp;ssl=1\" class=\"vc_single_image-img attachment-full\" alt=\"\" srcset=\"https:\/\/i0.wp.com\/cumse.org\/wp-content\/uploads\/2021\/04\/ScuolaBouk_Foto03.jpg?w=723&amp;ssl=1 723w, https:\/\/i0.wp.com\/cumse.org\/wp-content\/uploads\/2021\/04\/ScuolaBouk_Foto03.jpg?resize=200%2C283&amp;ssl=1 200w, https:\/\/i0.wp.com\/cumse.org\/wp-content\/uploads\/2021\/04\/ScuolaBouk_Foto03.jpg?resize=212%2C300&amp;ssl=1 212w\" sizes=\"auto, (max-width: 640px) 100vw, 640px\" \/><\/div>\n\t\t<\/figure>\n\t<\/div>\n<\/div><\/div><\/div><\/div><div class=\"vc_row wpb_row vc_row-fluid\"><div class=\"wpb_column col-md-12\"><div class=\"vc_column-inner vc_custom_1611306403074\"><div class=\"wpb_wrapper\"><section id=\"about-bottom\" class=\"about-bottom tab3 clearfix\">\n          <div class=\"about-bottom-details\">\n            <div class=\"col-md-6\">\n              <div class=\"section-padding\">\n                \n                <h3 class=\"section-sub-title\">Contribuez aussi<\/h3>\n                <p class=\"description\">Si vous souhaitez contribuer personnellement \u00e0 la construction de l'\u00e9cole primaire au Cameroun, vous pouvez faire un don \u00e0 :<\/p>\n<p><b>ONG Fondation Cumse<br \/>\n<\/b>en pr\u00e9cisant dans le descriptif \u00ab Contribution pour l'\u00e9cole au Cameroun \u00bb<\/p>\n<p><strong>IBAN: IT 12 O 05216 32930 000000003003<\/strong><\/p>\n<p><a href=\"https:\/\/cumse.org\/fr\/come-sostenerci\/\">(https:\/\/cumse.org\/come-soutenez nous\/)<\/a><\/p>\n\n                <div class=\"btn-container\">\n                  <a href=\"mailto:info@cumse.org\" class=\"btn btn-sm more-btn\">Pour info<\/a>\n                  <a href=\"https:\/\/www.paypal.com\/donate\/?hosted_button_id=KQJ4T2K9CZFM6\" class=\"btn btn-sm\" style=\"left:20px;\">FAIRE UN DON!<\/a>\n                <\/div><!-- \/.btn-container -->\n              <\/div><!-- \/.section-padding -->\n            <\/div>\n\n            <div class=\"col-md-6\">\n              <img decoding=\"async\" src=\"https:\/\/i0.wp.com\/cumse.org\/wp-content\/uploads\/2021\/01\/ScuolaBouk_Foto05.jpg?fit=1024%2C716&ssl=1\" alt=\"PROGETTO SCUOLA CAMEROUN\">\n            <\/div>\n          <\/div><!-- \/.about-bottom-details -->\n        <\/section><!-- \/#about-bottom --><\/div><\/div><\/div><\/div><div class=\"vc_row wpb_row vc_row-fluid vc_custom_1618587959126\"><div class=\"wpb_column col-md-12\"><div class=\"vc_column-inner\"><div class=\"wpb_wrapper\">\n\t<div  class=\"wpb_single_image wpb_content_element vc_align_left\">\n\t\t\n\t\t<figure class=\"wpb_wrapper vc_figure\">\n\t\t\t<div class=\"vc_single_image-wrapper   vc_box_border_grey\"><\/div>\n\t\t<\/figure>\n\t<\/div>\n<\/div><\/div><\/div><\/div>","protected":false},"excerpt":{"rendered":"\"L'istruzione \u00e8 l'arma pi\u00f9 potente che puoi utilizzare per cambiare il mondo\" \u00a0Nelson Mandela Fondazione Cumse promuove il progetto per la realizzazione di una struttura per una Scuola Elementare in Cameroun, situata all\u2019interno di uno dei maggiori parchi nazionali della nazione africana. Le strutture necessarie all\u2019accoglienza scolastica che verranno realizzate mischiando sapientemente tecniche occidentali e [...]","protected":false},"author":1,"featured_media":0,"parent":0,"menu_order":0,"comment_status":"closed","ping_status":"closed","template":"homepage-template.php","meta":{"footnotes":""},"class_list":["post-3695","page","type-page","status-publish","hentry"],"yoast_head":"<!-- This site is optimized with the Yoast SEO plugin v27.3 - https:\/\/yoast.com\/product\/yoast-seo-wordpress\/ -->\n<title>PROGETTO SCUOLA CAMEROUN - Fondazione Cumse ETS<\/title>\n<meta name=\"description\" content=\"Progetto in Cameroun - Fondazione Cumse ETS - Realizzazione di una struttura di scuola elementare in Camerun PROGETTO SCUOLA CAMEROUN\" \/>\n<meta name=\"robots\" content=\"index, follow, max-snippet:-1, max-image-preview:large, max-video-preview:-1\" \/>\n<link rel=\"canonical\" href=\"https:\/\/cumse.org\/fr\/progetto-scuola-cameroun\/\" \/>\n<meta property=\"og:locale\" content=\"fr_FR\" \/>\n<meta property=\"og:type\" content=\"article\" \/>\n<meta property=\"og:title\" content=\"PROGETTO SCUOLA CAMEROUN - Fondazione Cumse ETS\" \/>\n<meta property=\"og:description\" content=\"Progetto in Cameroun - Fondazione Cumse ETS - Realizzazione di una struttura di scuola elementare in Camerun PROGETTO SCUOLA CAMEROUN\" \/>\n<meta property=\"og:url\" content=\"https:\/\/cumse.org\/fr\/progetto-scuola-cameroun\/\" \/>\n<meta property=\"og:site_name\" content=\"Fondazione Cumse ETS\" \/>\n<meta property=\"article:modified_time\" content=\"2022-12-14T09:42:51+00:00\" \/>\n<meta name=\"twitter:card\" content=\"summary_large_image\" \/>\n<meta name=\"twitter:label1\" content=\"Dur\u00e9e de lecture estim\u00e9e\" \/>\n\t<meta name=\"twitter:data1\" content=\"3 minutes\" \/>\n<script type=\"application\/ld+json\" class=\"yoast-schema-graph\">{\"@context\":\"https:\\\/\\\/schema.org\",\"@graph\":[{\"@type\":\"WebPage\",\"@id\":\"https:\\\/\\\/cumse.org\\\/progetto-scuola-cameroun\\\/\",\"url\":\"https:\\\/\\\/cumse.org\\\/progetto-scuola-cameroun\\\/\",\"name\":\"PROGETTO SCUOLA CAMEROUN - Fondazione Cumse ETS\",\"isPartOf\":{\"@id\":\"https:\\\/\\\/cumse.org\\\/#website\"},\"datePublished\":\"2021-01-22T08:19:12+00:00\",\"dateModified\":\"2022-12-14T09:42:51+00:00\",\"description\":\"Progetto in Cameroun - Fondazione Cumse ETS - Realizzazione di una struttura di scuola elementare in Camerun PROGETTO SCUOLA CAMEROUN\",\"breadcrumb\":{\"@id\":\"https:\\\/\\\/cumse.org\\\/progetto-scuola-cameroun\\\/#breadcrumb\"},\"inLanguage\":\"fr-FR\",\"potentialAction\":[{\"@type\":\"ReadAction\",\"target\":[\"https:\\\/\\\/cumse.org\\\/progetto-scuola-cameroun\\\/\"]}]},{\"@type\":\"BreadcrumbList\",\"@id\":\"https:\\\/\\\/cumse.org\\\/progetto-scuola-cameroun\\\/#breadcrumb\",\"itemListElement\":[{\"@type\":\"ListItem\",\"position\":1,\"name\":\"Home\",\"item\":\"https:\\\/\\\/cumse.org\\\/\"},{\"@type\":\"ListItem\",\"position\":2,\"name\":\"PROGETTO SCUOLA CAMEROUN\"}]},{\"@type\":\"WebSite\",\"@id\":\"https:\\\/\\\/cumse.org\\\/#website\",\"url\":\"https:\\\/\\\/cumse.org\\\/\",\"name\":\"Fondazione Cumse ETS\",\"description\":\"Siamo dove gli altri distolgono lo sguardo\",\"potentialAction\":[{\"@type\":\"SearchAction\",\"target\":{\"@type\":\"EntryPoint\",\"urlTemplate\":\"https:\\\/\\\/cumse.org\\\/?s={search_term_string}\"},\"query-input\":{\"@type\":\"PropertyValueSpecification\",\"valueRequired\":true,\"valueName\":\"search_term_string\"}}],\"inLanguage\":\"fr-FR\"}]}<\/script>\n<!-- \/ Yoast SEO plugin. -->","yoast_head_json":{"title":"PROGETTO SCUOLA CAMEROUN - Fondazione Cumse ETS","description":"Progetto in Cameroun - Fondazione Cumse ETS - Realizzazione di una struttura di scuola elementare in Camerun PROGETTO SCUOLA CAMEROUN","robots":{"index":"index","follow":"follow","max-snippet":"max-snippet:-1","max-image-preview":"max-image-preview:large","max-video-preview":"max-video-preview:-1"},"canonical":"https:\/\/cumse.org\/fr\/progetto-scuola-cameroun\/","og_locale":"fr_FR","og_type":"article","og_title":"PROGETTO SCUOLA CAMEROUN - Fondazione Cumse ETS","og_description":"Progetto in Cameroun - Fondazione Cumse ETS - Realizzazione di una struttura di scuola elementare in Camerun PROGETTO SCUOLA CAMEROUN","og_url":"https:\/\/cumse.org\/fr\/progetto-scuola-cameroun\/","og_site_name":"Fondazione Cumse ETS","article_modified_time":"2022-12-14T09:42:51+00:00","twitter_card":"summary_large_image","twitter_misc":{"Dur\u00e9e de lecture estim\u00e9e":"3 minutes"},"schema":{"@context":"https:\/\/schema.org","@graph":[{"@type":"WebPage","@id":"https:\/\/cumse.org\/progetto-scuola-cameroun\/","url":"https:\/\/cumse.org\/progetto-scuola-cameroun\/","name":"PROGETTO SCUOLA CAMEROUN - Fondazione Cumse ETS","isPartOf":{"@id":"https:\/\/cumse.org\/#website"},"datePublished":"2021-01-22T08:19:12+00:00","dateModified":"2022-12-14T09:42:51+00:00","description":"Progetto in Cameroun - Fondazione Cumse ETS - Realizzazione di una struttura di scuola elementare in Camerun PROGETTO SCUOLA CAMEROUN","breadcrumb":{"@id":"https:\/\/cumse.org\/progetto-scuola-cameroun\/#breadcrumb"},"inLanguage":"fr-FR","potentialAction":[{"@type":"ReadAction","target":["https:\/\/cumse.org\/progetto-scuola-cameroun\/"]}]},{"@type":"BreadcrumbList","@id":"https:\/\/cumse.org\/progetto-scuola-cameroun\/#breadcrumb","itemListElement":[{"@type":"ListItem","position":1,"name":"Home","item":"https:\/\/cumse.org\/"},{"@type":"ListItem","position":2,"name":"PROGETTO SCUOLA CAMEROUN"}]},{"@type":"WebSite","@id":"https:\/\/cumse.org\/#website","url":"https:\/\/cumse.org\/","name":"Fondazione Cumse ETS","description":"Siamo dove gli altri distolgono lo sguardo","potentialAction":[{"@type":"SearchAction","target":{"@type":"EntryPoint","urlTemplate":"https:\/\/cumse.org\/?s={search_term_string}"},"query-input":{"@type":"PropertyValueSpecification","valueRequired":true,"valueName":"search_term_string"}}],"inLanguage":"fr-FR"}]}},"jetpack_sharing_enabled":true,"_links":{"self":[{"href":"https:\/\/cumse.org\/fr\/wp-json\/wp\/v2\/pages\/3695","targetHints":{"allow":["GET"]}}],"collection":[{"href":"https:\/\/cumse.org\/fr\/wp-json\/wp\/v2\/pages"}],"about":[{"href":"https:\/\/cumse.org\/fr\/wp-json\/wp\/v2\/types\/page"}],"author":[{"embeddable":true,"href":"https:\/\/cumse.org\/fr\/wp-json\/wp\/v2\/users\/1"}],"replies":[{"embeddable":true,"href":"https:\/\/cumse.org\/fr\/wp-json\/wp\/v2\/comments?post=3695"}],"version-history":[{"count":0,"href":"https:\/\/cumse.org\/fr\/wp-json\/wp\/v2\/pages\/3695\/revisions"}],"wp:attachment":[{"href":"https:\/\/cumse.org\/fr\/wp-json\/wp\/v2\/media?parent=3695"}],"curies":[{"name":"wp","href":"https:\/\/api.w.org\/{rel}","templated":true}]}}