{"id":2293,"date":"2020-03-10T19:05:17","date_gmt":"2020-03-10T18:05:17","guid":{"rendered":"https:\/\/cumse.org\/?p=2293"},"modified":"2021-04-16T14:40:20","modified_gmt":"2021-04-16T13:40:20","slug":"premi-e-riconoscimenti","status":"publish","type":"page","link":"https:\/\/cumse.org\/fr\/premi-e-riconoscimenti\/","title":{"rendered":"PRIX ET RECONNAISSANCES"},"content":{"rendered":"<div class=\"vc_row wpb_row vc_row-fluid vc_custom_1618504338942\"><div class=\"wpb_column col-md-12\"><div class=\"vc_column-inner\"><div class=\"wpb_wrapper\">\n\t<div  class=\"wpb_single_image wpb_content_element vc_align_left\">\n\t\t\n\t\t<figure class=\"wpb_wrapper vc_figure\">\n\t\t\t<div class=\"vc_single_image-wrapper   vc_box_border_grey\"><img loading=\"lazy\" decoding=\"async\" width=\"1920\" height=\"739\" src=\"https:\/\/i0.wp.com\/cumse.org\/wp-content\/uploads\/2021\/04\/PREMI-E-RICONOSCIMENTI.png?fit=1920%2C739&amp;ssl=1\" class=\"vc_single_image-img attachment-full\" alt=\"\" srcset=\"https:\/\/i0.wp.com\/cumse.org\/wp-content\/uploads\/2021\/04\/PREMI-E-RICONOSCIMENTI.png?w=1920&amp;ssl=1 1920w, https:\/\/i0.wp.com\/cumse.org\/wp-content\/uploads\/2021\/04\/PREMI-E-RICONOSCIMENTI.png?resize=1200%2C462&amp;ssl=1 1200w, https:\/\/i0.wp.com\/cumse.org\/wp-content\/uploads\/2021\/04\/PREMI-E-RICONOSCIMENTI.png?resize=300%2C115&amp;ssl=1 300w, https:\/\/i0.wp.com\/cumse.org\/wp-content\/uploads\/2021\/04\/PREMI-E-RICONOSCIMENTI.png?resize=1024%2C394&amp;ssl=1 1024w, https:\/\/i0.wp.com\/cumse.org\/wp-content\/uploads\/2021\/04\/PREMI-E-RICONOSCIMENTI.png?resize=768%2C296&amp;ssl=1 768w, https:\/\/i0.wp.com\/cumse.org\/wp-content\/uploads\/2021\/04\/PREMI-E-RICONOSCIMENTI.png?resize=1536%2C591&amp;ssl=1 1536w, https:\/\/i0.wp.com\/cumse.org\/wp-content\/uploads\/2021\/04\/PREMI-E-RICONOSCIMENTI.png?w=1280&amp;ssl=1 1280w\" sizes=\"auto, (max-width: 640px) 100vw, 640px\" \/><\/div>\n\t\t<\/figure>\n\t<\/div>\n<\/div><\/div><\/div><\/div><div class=\"vc_row wpb_row vc_row-fluid vc_custom_1618494575463\"><div class=\"wpb_column col-md-12\"><div class=\"vc_column-inner\"><div class=\"wpb_wrapper\">\n\t<div class=\"wpb_text_column wpb_content_element\" >\n\t\t<div class=\"wpb_wrapper\">\n\t\t\t<h1><span style=\"color: #ff0000;\"><strong>PRIX ET RECONNAISSANCES<\/strong><\/span><\/h1>\n\n\t\t<\/div>\n\t<\/div>\n<\/div><\/div><\/div><\/div><div class=\"vc_row wpb_row vc_row-fluid vc_custom_1618494541536\"><div class=\"wpb_column col-md-4\"><div class=\"vc_column-inner\"><div class=\"wpb_wrapper\">\n\t<div class=\"wpb_text_column wpb_content_element\" >\n\t\t<div class=\"wpb_wrapper\">\n\t\t\t<p style=\"text-align: justify;\"><strong>Mais 2019<\/strong>reconnaissance du statut de <strong>ONG<\/strong> \u00e0 la Fondation Cumse.<strong><br \/>\n<\/strong><\/p>\n\n\t\t<\/div>\n\t<\/div>\n<\/div><\/div><\/div><div class=\"wpb_column col-md-4\"><div class=\"vc_column-inner\"><div class=\"wpb_wrapper\">\n\t<div class=\"wpb_text_column wpb_content_element\" >\n\t\t<div class=\"wpb_wrapper\">\n\t\t\t<p style=\"text-align: justify;\"><strong><img data-recalc-dims=\"1\" loading=\"lazy\" decoding=\"async\" class=\"wp-image-6029 size-medium alignleft\" src=\"https:\/\/i0.wp.com\/cumse.org\/wp-content\/uploads\/2021\/04\/premi-e-riconoscimenti-e1618576906686-1.jpg?resize=179%2C300&#038;ssl=1\" alt=\"\" width=\"179\" height=\"300\" \/><span style=\"font-size: 12pt;\">Octobre 2017<\/span><\/strong><span style=\"font-size: 12pt;\">,<strong> inscription au registre Spiga d'oro.<\/strong><\/span><br \/>\n<span style=\"font-size: 12pt;\">Lors d'une c\u00e9r\u00e9monie officielle pr\u00e9sid\u00e9e par le maire et le conseil municipal de Cinisello Balsamo, le pr\u00e9sident de la Fondation Cumse, le docteur Roberto Stigliano, a \u00e9t\u00e9 inscrit au registre Spiga d'oro, une reconnaissance importante r\u00e9serv\u00e9e \u00e0 tr\u00e8s peu d'\u00e9lus de la municipalit\u00e9 de Cinisello Balsamo, ils font tout pour le bien de l'humanit\u00e9.<\/span><\/p>\n\n\t\t<\/div>\n\t<\/div>\n<\/div><\/div><\/div><div class=\"wpb_column col-md-4\"><div class=\"vc_column-inner\"><div class=\"wpb_wrapper\">\n\t<div class=\"wpb_text_column wpb_content_element\" >\n\t\t<div class=\"wpb_wrapper\">\n\t\t\t<p><strong><img data-recalc-dims=\"1\" loading=\"lazy\" decoding=\"async\" class=\"alignleft wp-image-6033 size-medium\" src=\"https:\/\/i0.wp.com\/cumse.org\/wp-content\/uploads\/2021\/04\/premio-2.jpg?resize=182%2C300&#038;ssl=1\" alt=\"\" width=\"182\" height=\"300\" srcset=\"https:\/\/i0.wp.com\/cumse.org\/wp-content\/uploads\/2021\/04\/premio-2.jpg?resize=182%2C300&amp;ssl=1 182w, https:\/\/i0.wp.com\/cumse.org\/wp-content\/uploads\/2021\/04\/premio-2.jpg?resize=200%2C329&amp;ssl=1 200w, https:\/\/i0.wp.com\/cumse.org\/wp-content\/uploads\/2021\/04\/premio-2.jpg?w=561&amp;ssl=1 561w\" sizes=\"auto, (max-width: 182px) 100vw, 182px\" \/><span style=\"font-size: 12pt;\">Juillet 2013<\/span><\/strong><span style=\"font-size: 12pt;\">, <strong>Paul Harris Fellow.<\/strong><\/span><br \/>\n<span style=\"font-size: 12pt;\">Roberto Stigliano a re\u00e7u la plus haute distinction de la Fondation Rotary, le Paul Harris Fellow \"pour son engagement envers les populations les plus n\u00e9cessiteuses d'Afrique, se mettant en jeu selon l'id\u00e9al partag\u00e9 avec les Rotariens de 'servir au-del\u00e0 de tout int\u00e9r\u00eat personnel'. \" Stigliano, a re\u00e7u le prix Isimbardi, une reconnaissance importante.<\/span><\/p>\n\n\t\t<\/div>\n\t<\/div>\n<\/div><\/div><\/div><\/div><div class=\"vc_row wpb_row vc_row-fluid vc_custom_1618494541536\"><div class=\"wpb_column col-md-4\"><div class=\"vc_column-inner\"><div class=\"wpb_wrapper\">\n\t<div class=\"wpb_text_column wpb_content_element\" >\n\t\t<div class=\"wpb_wrapper\">\n\t\t\t<p><strong>Octobre 2008<\/strong>,<strong> inscription au registre Spiga d'oro.<\/strong><br \/>\n\"Pour la d\u00e9termination avec laquelle il a promu et mis en \u0153uvre des projets humanitaires et de sant\u00e9 en Afrique, visant \u00e0 reconna\u00eetre et \u00e0 renforcer la dignit\u00e9 et le droit \u00e0 la vie de chaque \u00eatre humain, qui ont \u00e9galement \u00e9t\u00e9 soutenus par de nombreux citoyens de Cinisellesi touch\u00e9s par son enthousiasme et sa passion . \" C'est la raison pour laquelle la Municipalit\u00e9 de Cinisello, \u00e0 l'occasion de la 18e \u00e9dition de la Spiga d'Oro le 12 octobre 2008, a d\u00e9cern\u00e9 l'honneur \u00e0 Roberto Stigliano, pr\u00e9sident et fondateur de la Fondation Cumse Onlus.<\/p>\n\n\t\t<\/div>\n\t<\/div>\n<\/div><\/div><\/div><div class=\"wpb_column col-md-4\"><div class=\"vc_column-inner\"><div class=\"wpb_wrapper\">\n\t<div class=\"wpb_text_column wpb_content_element\" >\n\t\t<div class=\"wpb_wrapper\">\n\t\t\t<p><strong><img data-recalc-dims=\"1\" loading=\"lazy\" decoding=\"async\" class=\"alignleft wp-image-6032\" src=\"https:\/\/i0.wp.com\/cumse.org\/wp-content\/uploads\/2021\/04\/premiazione-isimbardi-20051-e1618577908476-295x300.jpg?resize=182%2C185&#038;ssl=1\" alt=\"\" width=\"182\" height=\"185\" srcset=\"https:\/\/i0.wp.com\/cumse.org\/wp-content\/uploads\/2021\/04\/premiazione-isimbardi-20051-e1618577908476.jpg?resize=295%2C300&amp;ssl=1 295w, https:\/\/i0.wp.com\/cumse.org\/wp-content\/uploads\/2021\/04\/premiazione-isimbardi-20051-e1618577908476.jpg?resize=1200%2C1219&amp;ssl=1 1200w, https:\/\/i0.wp.com\/cumse.org\/wp-content\/uploads\/2021\/04\/premiazione-isimbardi-20051-e1618577908476.jpg?resize=1008%2C1024&amp;ssl=1 1008w, https:\/\/i0.wp.com\/cumse.org\/wp-content\/uploads\/2021\/04\/premiazione-isimbardi-20051-e1618577908476.jpg?resize=768%2C780&amp;ssl=1 768w, https:\/\/i0.wp.com\/cumse.org\/wp-content\/uploads\/2021\/04\/premiazione-isimbardi-20051-e1618577908476.jpg?resize=1513%2C1536&amp;ssl=1 1513w, https:\/\/i0.wp.com\/cumse.org\/wp-content\/uploads\/2021\/04\/premiazione-isimbardi-20051-e1618577908476.jpg?w=1552&amp;ssl=1 1552w, https:\/\/i0.wp.com\/cumse.org\/wp-content\/uploads\/2021\/04\/premiazione-isimbardi-20051-e1618577908476.jpg?w=1280&amp;ssl=1 1280w\" sizes=\"auto, (max-width: 182px) 100vw, 182px\" \/>D\u00e9cembre 2005<\/strong>, <strong>Prix \u200b\u200bIsimbardi.<\/strong><br \/>\nA l'occasion de la Journ\u00e9e Reconnaissance, en d\u00e9cembre 2005 l'Association Cumse, en la personne de son Pr\u00e9sident Fondateur<\/p>\n\n\t\t<\/div>\n\t<\/div>\n<\/div><\/div><\/div><div class=\"wpb_column col-md-4\"><div class=\"vc_column-inner\"><div class=\"wpb_wrapper\"><\/div><\/div><\/div><\/div><div class=\"vc_row wpb_row vc_row-fluid\"><div class=\"wpb_column col-md-12\"><div class=\"vc_column-inner\"><div class=\"wpb_wrapper\">\n\t<div  class=\"wpb_single_image wpb_content_element vc_align_left  vc_custom_1618494699977\">\n\t\t\n\t\t<figure class=\"wpb_wrapper vc_figure\">\n\t\t\t<div class=\"vc_single_image-wrapper   vc_box_border_grey\"><\/div>\n\t\t<\/figure>\n\t<\/div>\n<\/div><\/div><\/div><\/div>","protected":false},"excerpt":{"rendered":"PREMI E RICONOSCIMENTI Maggio 2019, riconoscimento dello stato di ONG alla Fondazione Cumse. Ottobre 2017, iscrizione all\u2019Albo della Spiga d\u2019oro. In una cerimonia ufficiale presieduta dal sindaco e dalla giunta comunale di Cinisello Balsamo, il Presidente di Fondazione Cumse, Dottor Roberto Stigliano, \u00e8 stato iscritto nell\u2019albo della Spiga d\u2019oro, importante riconoscimento riservato a pochissimi eletti [...]","protected":false},"author":1,"featured_media":0,"parent":0,"menu_order":0,"comment_status":"closed","ping_status":"closed","template":"homepage-template.php","meta":{"footnotes":""},"class_list":["post-2293","page","type-page","status-publish","hentry"],"yoast_head":"<!-- This site is optimized with the Yoast SEO plugin v27.3 - https:\/\/yoast.com\/product\/yoast-seo-wordpress\/ -->\n<title>PREMI E RICONOSCIMENTI - Fondazione Cumse ETS<\/title>\n<meta name=\"robots\" content=\"index, follow, max-snippet:-1, max-image-preview:large, max-video-preview:-1\" \/>\n<link rel=\"canonical\" href=\"https:\/\/cumse.org\/fr\/premi-e-riconoscimenti\/\" \/>\n<meta property=\"og:locale\" content=\"fr_FR\" \/>\n<meta property=\"og:type\" content=\"article\" \/>\n<meta property=\"og:title\" content=\"PREMI E RICONOSCIMENTI - Fondazione Cumse ETS\" \/>\n<meta property=\"og:url\" content=\"https:\/\/cumse.org\/fr\/premi-e-riconoscimenti\/\" \/>\n<meta property=\"og:site_name\" content=\"Fondazione Cumse ETS\" \/>\n<meta property=\"article:modified_time\" content=\"2021-04-16T13:40:20+00:00\" \/>\n<meta property=\"og:image\" content=\"https:\/\/cumse.org\/wp-content\/uploads\/2021\/04\/premi-e-riconoscimenti-e1618576906686-1-179x300.jpg\" \/>\n<meta name=\"twitter:card\" content=\"summary_large_image\" \/>\n<meta name=\"twitter:label1\" content=\"Dur\u00e9e de lecture estim\u00e9e\" \/>\n\t<meta name=\"twitter:data1\" content=\"2 minutes\" \/>\n<script type=\"application\/ld+json\" class=\"yoast-schema-graph\">{\"@context\":\"https:\\\/\\\/schema.org\",\"@graph\":[{\"@type\":\"WebPage\",\"@id\":\"https:\\\/\\\/cumse.org\\\/premi-e-riconoscimenti\\\/\",\"url\":\"https:\\\/\\\/cumse.org\\\/premi-e-riconoscimenti\\\/\",\"name\":\"PREMI E RICONOSCIMENTI - Fondazione Cumse ETS\",\"isPartOf\":{\"@id\":\"https:\\\/\\\/cumse.org\\\/#website\"},\"primaryImageOfPage\":{\"@id\":\"https:\\\/\\\/cumse.org\\\/premi-e-riconoscimenti\\\/#primaryimage\"},\"image\":{\"@id\":\"https:\\\/\\\/cumse.org\\\/premi-e-riconoscimenti\\\/#primaryimage\"},\"thumbnailUrl\":\"https:\\\/\\\/cumse.org\\\/wp-content\\\/uploads\\\/2021\\\/04\\\/premi-e-riconoscimenti-e1618576906686-1-179x300.jpg\",\"datePublished\":\"2020-03-10T18:05:17+00:00\",\"dateModified\":\"2021-04-16T13:40:20+00:00\",\"breadcrumb\":{\"@id\":\"https:\\\/\\\/cumse.org\\\/premi-e-riconoscimenti\\\/#breadcrumb\"},\"inLanguage\":\"fr-FR\",\"potentialAction\":[{\"@type\":\"ReadAction\",\"target\":[\"https:\\\/\\\/cumse.org\\\/premi-e-riconoscimenti\\\/\"]}]},{\"@type\":\"ImageObject\",\"inLanguage\":\"fr-FR\",\"@id\":\"https:\\\/\\\/cumse.org\\\/premi-e-riconoscimenti\\\/#primaryimage\",\"url\":\"https:\\\/\\\/cumse.org\\\/wp-content\\\/uploads\\\/2021\\\/04\\\/premi-e-riconoscimenti-e1618576906686-1-179x300.jpg\",\"contentUrl\":\"https:\\\/\\\/cumse.org\\\/wp-content\\\/uploads\\\/2021\\\/04\\\/premi-e-riconoscimenti-e1618576906686-1-179x300.jpg\"},{\"@type\":\"BreadcrumbList\",\"@id\":\"https:\\\/\\\/cumse.org\\\/premi-e-riconoscimenti\\\/#breadcrumb\",\"itemListElement\":[{\"@type\":\"ListItem\",\"position\":1,\"name\":\"Home\",\"item\":\"https:\\\/\\\/cumse.org\\\/\"},{\"@type\":\"ListItem\",\"position\":2,\"name\":\"PREMI E RICONOSCIMENTI\"}]},{\"@type\":\"WebSite\",\"@id\":\"https:\\\/\\\/cumse.org\\\/#website\",\"url\":\"https:\\\/\\\/cumse.org\\\/\",\"name\":\"Fondazione Cumse ETS\",\"description\":\"Siamo dove gli altri distolgono lo sguardo\",\"potentialAction\":[{\"@type\":\"SearchAction\",\"target\":{\"@type\":\"EntryPoint\",\"urlTemplate\":\"https:\\\/\\\/cumse.org\\\/?s={search_term_string}\"},\"query-input\":{\"@type\":\"PropertyValueSpecification\",\"valueRequired\":true,\"valueName\":\"search_term_string\"}}],\"inLanguage\":\"fr-FR\"}]}<\/script>\n<!-- \/ Yoast SEO plugin. -->","yoast_head_json":{"title":"PREMI E RICONOSCIMENTI - Fondazione Cumse ETS","robots":{"index":"index","follow":"follow","max-snippet":"max-snippet:-1","max-image-preview":"max-image-preview:large","max-video-preview":"max-video-preview:-1"},"canonical":"https:\/\/cumse.org\/fr\/premi-e-riconoscimenti\/","og_locale":"fr_FR","og_type":"article","og_title":"PREMI E RICONOSCIMENTI - Fondazione Cumse ETS","og_url":"https:\/\/cumse.org\/fr\/premi-e-riconoscimenti\/","og_site_name":"Fondazione Cumse ETS","article_modified_time":"2021-04-16T13:40:20+00:00","og_image":[{"url":"https:\/\/cumse.org\/wp-content\/uploads\/2021\/04\/premi-e-riconoscimenti-e1618576906686-1-179x300.jpg","type":"","width":"","height":""}],"twitter_card":"summary_large_image","twitter_misc":{"Dur\u00e9e de lecture estim\u00e9e":"2 minutes"},"schema":{"@context":"https:\/\/schema.org","@graph":[{"@type":"WebPage","@id":"https:\/\/cumse.org\/premi-e-riconoscimenti\/","url":"https:\/\/cumse.org\/premi-e-riconoscimenti\/","name":"PREMI E RICONOSCIMENTI - Fondazione Cumse ETS","isPartOf":{"@id":"https:\/\/cumse.org\/#website"},"primaryImageOfPage":{"@id":"https:\/\/cumse.org\/premi-e-riconoscimenti\/#primaryimage"},"image":{"@id":"https:\/\/cumse.org\/premi-e-riconoscimenti\/#primaryimage"},"thumbnailUrl":"https:\/\/cumse.org\/wp-content\/uploads\/2021\/04\/premi-e-riconoscimenti-e1618576906686-1-179x300.jpg","datePublished":"2020-03-10T18:05:17+00:00","dateModified":"2021-04-16T13:40:20+00:00","breadcrumb":{"@id":"https:\/\/cumse.org\/premi-e-riconoscimenti\/#breadcrumb"},"inLanguage":"fr-FR","potentialAction":[{"@type":"ReadAction","target":["https:\/\/cumse.org\/premi-e-riconoscimenti\/"]}]},{"@type":"ImageObject","inLanguage":"fr-FR","@id":"https:\/\/cumse.org\/premi-e-riconoscimenti\/#primaryimage","url":"https:\/\/cumse.org\/wp-content\/uploads\/2021\/04\/premi-e-riconoscimenti-e1618576906686-1-179x300.jpg","contentUrl":"https:\/\/cumse.org\/wp-content\/uploads\/2021\/04\/premi-e-riconoscimenti-e1618576906686-1-179x300.jpg"},{"@type":"BreadcrumbList","@id":"https:\/\/cumse.org\/premi-e-riconoscimenti\/#breadcrumb","itemListElement":[{"@type":"ListItem","position":1,"name":"Home","item":"https:\/\/cumse.org\/"},{"@type":"ListItem","position":2,"name":"PREMI E RICONOSCIMENTI"}]},{"@type":"WebSite","@id":"https:\/\/cumse.org\/#website","url":"https:\/\/cumse.org\/","name":"Fondazione Cumse ETS","description":"Siamo dove gli altri distolgono lo sguardo","potentialAction":[{"@type":"SearchAction","target":{"@type":"EntryPoint","urlTemplate":"https:\/\/cumse.org\/?s={search_term_string}"},"query-input":{"@type":"PropertyValueSpecification","valueRequired":true,"valueName":"search_term_string"}}],"inLanguage":"fr-FR"}]}},"jetpack_sharing_enabled":true,"_links":{"self":[{"href":"https:\/\/cumse.org\/fr\/wp-json\/wp\/v2\/pages\/2293","targetHints":{"allow":["GET"]}}],"collection":[{"href":"https:\/\/cumse.org\/fr\/wp-json\/wp\/v2\/pages"}],"about":[{"href":"https:\/\/cumse.org\/fr\/wp-json\/wp\/v2\/types\/page"}],"author":[{"embeddable":true,"href":"https:\/\/cumse.org\/fr\/wp-json\/wp\/v2\/users\/1"}],"replies":[{"embeddable":true,"href":"https:\/\/cumse.org\/fr\/wp-json\/wp\/v2\/comments?post=2293"}],"version-history":[{"count":0,"href":"https:\/\/cumse.org\/fr\/wp-json\/wp\/v2\/pages\/2293\/revisions"}],"wp:attachment":[{"href":"https:\/\/cumse.org\/fr\/wp-json\/wp\/v2\/media?parent=2293"}],"curies":[{"name":"wp","href":"https:\/\/api.w.org\/{rel}","templated":true}]}}